{"id":17755,"date":"2024-02-23T18:12:58","date_gmt":"2024-02-23T17:12:58","guid":{"rendered":"http:\/\/esim2.clientinternals.webcase.pl\/?post_type=roaming&#038;p=17755"},"modified":"2024-03-15T10:52:56","modified_gmt":"2024-03-15T09:52:56","slug":"esim-rakousko","status":"publish","type":"roaming","link":"http:\/\/esim2.clientinternals.webcase.pl\/cs\/roaming\/esim-rakousko\/","title":{"rendered":"Rakousko"},"content":{"rendered":"\n<p>Zde je n\u011bkolik zaj\u00edmav\u00fdch a z\u00e1bavn\u00fdch fakt\u016f o Rakousku<\/p>\n\n\n\n<ul class=\"wp-block-list\">\n<li>K\u00f3d zem\u011b: +43<\/li>\n\n\n\n<li>Hlavn\u00ed m\u011bsto: V\u00edde\u0148<\/li>\n\n\n\n<li>Dal\u0161\u00ed zn\u00e1m\u00e1 m\u011bsta: Klagenfurt, Linec, Innsbruck<\/li>\n\n\n\n<li>Po\u010det obyvatel: 8,97 milionu (odhad na rok 2022)<\/li>\n\n\n\n<li>Jazyk: N\u011bm\u010dina<\/li>\n\n\n\n<li>M\u011bna: Euro<\/li>\n\n\n\n<li>Rakousko soused\u00ed s \u010ceskou republikou, N\u011bmeckem, Ma\u010farskem, It\u00e1li\u00ed, Lichten\u0161tejnskem, Slovenskem, Slovinskem a \u0160v\u00fdcarskem.<\/li>\n\n\n\n<li>Petra v rakousk\u00e9m Salcburku je nejstar\u0161\u00ed restaurac\u00ed v Evrop\u011b. Je to pravd\u011bpodobn\u011b tak\u00e9 jedin\u00e1 restaurace, ve kter\u00e9 se pod\u00e1valy pokrmy Wolfganga Amadea Mozarta i Clinta Eastwooda.<\/li>\n\n\n\n<li>Nejstar\u0161\u00ed dosud funguj\u00edc\u00ed zoologick\u00e1 zahrada na sv\u011bt\u011b se nach\u00e1z\u00ed ve V\u00eddni na z\u00e1mku Sch\u00f6nbrunn a byla zalo\u017eena v roce 1752.<\/li>\n\n\n\n<li>Nejv\u011bt\u0161\u00ed ledov\u00e1 jeskyn\u011b na sv\u011bt\u011b se nach\u00e1z\u00ed v rakousk\u00e9m Werfenu. Jeskynn\u00ed syst\u00e9m se t\u00e1hne v\u00edce ne\u017e 42 km hluboko do nitra hory. Prvn\u00ed \u010d\u00e1st s impozantn\u00edmi ledov\u00fdmi \u00fatvary je p\u0159\u00edstupn\u00e1 od kv\u011btna do \u0159\u00edjna.<\/li>\n<\/ul>\n\n\n\n<p>V\u011bd\u011bli jste, \u017ee\u2026?<\/p>\n\n\n\n<ul class=\"wp-block-list\">\n<li>Prvn\u00ed plechovka Red Bullu se prodala v Rakousku v roce 1987 a vytvo\u0159ila tak zcela novou kategorii v\u00fdrobk\u016f \u2013 energetick\u00e9 n\u00e1poje. Dnes Red Bull p\u016fsob\u00ed ve v\u00edce ne\u017e 172 zem\u00edch, kde se ro\u010dn\u011b prod\u00e1 p\u0159es 9,8 miliardy plechovek a st\u00e1le roste!<\/li>\n\n\n\n<li>Red Bull Racing, zn\u00e1m\u00fd tak\u00e9 jako Red Bull nebo RBR a v sou\u010dasnosti z\u00e1vod\u00edc\u00ed pod n\u00e1zvem Oracle Red Bull Racing, je z\u00e1vodn\u00ed t\u00fdm Formule 1, kter\u00fd z\u00e1vod\u00ed pod rakouskou licenc\u00ed. Je jedn\u00edm ze dvou t\u00fdm\u016f Formule 1, kter\u00e9 vlastn\u00ed spole\u010dnost Red Bull GmbH, druh\u00fdm je Scuderia AlphaTauri.<\/li>\n\n\n\n<li>T\u00fdm Red Bull Racing vede od jeho zalo\u017een\u00ed v roce 2005 Christian Horner.<\/li>\n<\/ul>\n","protected":false},"featured_media":16267,"template":"","region":[353],"class_list":["post-17755","roaming","type-roaming","status-publish","has-post-thumbnail","hentry","region-evropa"],"_links":{"self":[{"href":"http:\/\/esim2.clientinternals.webcase.pl\/cs\/wp-json\/wp\/v2\/roaming\/17755","targetHints":{"allow":["GET"]}}],"collection":[{"href":"http:\/\/esim2.clientinternals.webcase.pl\/cs\/wp-json\/wp\/v2\/roaming"}],"about":[{"href":"http:\/\/esim2.clientinternals.webcase.pl\/cs\/wp-json\/wp\/v2\/types\/roaming"}],"wp:featuredmedia":[{"embeddable":true,"href":"http:\/\/esim2.clientinternals.webcase.pl\/cs\/wp-json\/wp\/v2\/media\/16267"}],"wp:attachment":[{"href":"http:\/\/esim2.clientinternals.webcase.pl\/cs\/wp-json\/wp\/v2\/media?parent=17755"}],"wp:term":[{"taxonomy":"region","embeddable":true,"href":"http:\/\/esim2.clientinternals.webcase.pl\/cs\/wp-json\/wp\/v2\/region?post=17755"}],"curies":[{"name":"wp","href":"https:\/\/api.w.org\/{rel}","templated":true}]}}