{"id":16965,"date":"2024-02-23T19:39:19","date_gmt":"2024-02-23T18:39:19","guid":{"rendered":"http:\/\/esim2.clientinternals.webcase.pl\/?post_type=roaming&#038;p=16965"},"modified":"2024-03-17T07:50:32","modified_gmt":"2024-03-17T06:50:32","slug":"esim-francia","status":"publish","type":"roaming","link":"http:\/\/esim2.clientinternals.webcase.pl\/es\/roaming\/esim-francia\/","title":{"rendered":"Francia"},"content":{"rendered":"\n<p>He aqu\u00ed algunos datos interesantes y divertidos sobre Francia:<\/p>\n\n\n\n<ul class=\"wp-block-list\">\n<li>C\u00f3digo telef\u00f3nico del pa\u00eds: +33<\/li>\n\n\n\n<li>Capital: Par\u00eds<\/li>\n\n\n\n<li>Otras ciudades principales: Marsella, Lyon, Toulouse<\/li>\n\n\n\n<li>Poblaci\u00f3n: 67,9 millones (est. 2022)<\/li>\n\n\n\n<li>Idioma: Franc\u00e9s<\/li>\n\n\n\n<li>Moneda: Euro<\/li>\n\n\n\n<li>Francia es el pa\u00eds m\u00e1s grande de Europa Occidental y uno de los m\u00e1s visitados del mundo.<\/li>\n\n\n\n<li>En 2016, Francia adopt\u00f3 una ley sobre la lucha contra el desperdicio de alimentos que prohib\u00eda a los supermercados destruir los productos alimenticios no vendidos y los obligaba a donarlos.<\/li>\n\n\n\n<li>El franc\u00e9s es la lengua oficial; sin embargo, \u00a1los ling\u00fcistas calculan que en Francia hay unas 75 lenguas regionales!<\/li>\n\n\n\n<li>El primer trasplante de cara y coraz\u00f3n del mundo tuvo lugar en Francia. Los cirujanos franceses realizaron el primer trasplante de cara en 2005, mientras que el primer trasplante de coraz\u00f3n fue en 2013 en el Hospital Georges Pompidou de Par\u00eds.<\/li>\n<\/ul>\n\n\n\n<p>\u00bfSab\u00edas que\u2026?<\/p>\n\n\n\n<ul class=\"wp-block-list\">\n<li>Red Bull se lanz\u00f3 en Francia en 2008, m\u00e1s de 20 a\u00f1os despu\u00e9s de que se vendiera la primera lata de Red Bull en Austria en 1987. En la actualidad, Red Bull opera en m\u00e1s de 172 pa\u00edses y vende m\u00e1s de 9.800 millones de latas al a\u00f1o, \u00a1y sigue creciendo!<\/li>\n\n\n\n<li>El Grand Prix de Francia es una carrera automovil\u00edstica celebrada en el marco del Campeonato del Mundo de F\u00f3rmula Uno de la \u2018F\u00e9d\u00e9ration Internationale de l\u2019Automobile\u2019. Es una de las carreras automovil\u00edsticas m\u00e1s antiguas del mundo, as\u00ed como el primer \u00abGrand Prix\u00bb.<\/li>\n\n\n\n<li>La \u00faltima carrera celebrada all\u00ed fue en 2022.<\/li>\n<\/ul>\n","protected":false},"featured_media":16251,"template":"","region":[393],"class_list":["post-16965","roaming","type-roaming","status-publish","has-post-thumbnail","hentry","region-europa"],"_links":{"self":[{"href":"http:\/\/esim2.clientinternals.webcase.pl\/es\/wp-json\/wp\/v2\/roaming\/16965","targetHints":{"allow":["GET"]}}],"collection":[{"href":"http:\/\/esim2.clientinternals.webcase.pl\/es\/wp-json\/wp\/v2\/roaming"}],"about":[{"href":"http:\/\/esim2.clientinternals.webcase.pl\/es\/wp-json\/wp\/v2\/types\/roaming"}],"wp:featuredmedia":[{"embeddable":true,"href":"http:\/\/esim2.clientinternals.webcase.pl\/es\/wp-json\/wp\/v2\/media\/16251"}],"wp:attachment":[{"href":"http:\/\/esim2.clientinternals.webcase.pl\/es\/wp-json\/wp\/v2\/media?parent=16965"}],"wp:term":[{"taxonomy":"region","embeddable":true,"href":"http:\/\/esim2.clientinternals.webcase.pl\/es\/wp-json\/wp\/v2\/region?post=16965"}],"curies":[{"name":"wp","href":"https:\/\/api.w.org\/{rel}","templated":true}]}}