{"id":16483,"date":"2024-02-23T19:08:05","date_gmt":"2024-02-23T18:08:05","guid":{"rendered":"http:\/\/esim2.clientinternals.webcase.pl\/?post_type=roaming&#038;p=16483"},"modified":"2024-03-15T09:45:01","modified_gmt":"2024-03-15T08:45:01","slug":"esim-egyesult-arab-emirsegek","status":"publish","type":"roaming","link":"http:\/\/esim2.clientinternals.webcase.pl\/hu\/roaming\/esim-egyesult-arab-emirsegek\/","title":{"rendered":"Egyes\u00fclt Arab Em\u00edrs\u00e9gek"},"content":{"rendered":"\n<ul class=\"wp-block-list\">\n<li>N\u00e9pess\u00e9g: 9,5 milli\u00f3<\/li>\n\n\n\n<li>F\u0151v\u00e1ros: Abu Dhabi<\/li>\n\n\n\n<li>K\u00f6rzetsz\u00e1m: +971<\/li>\n\n\n\n<li>P\u00e9nznem: UAE dirham<\/li>\n\n\n\n<li>A 7 Arab Em\u00edrs\u00e9g: Abu Dhabi, Dubai, Sharjah, Ras al Khaimah, Adjman, Fujairah \u00e9s Umm al-Qaiwain.<\/li>\n<\/ul>\n\n\n\n<p>Tudtad, hogy\u2026?<\/p>\n\n\n\n<ul class=\"wp-block-list\">\n<li>Az Egyes\u00fclt Arab Em\u00edrs\u00e9gekben tal\u00e1lhat\u00f3 Abu Dhabi ad otthont az utols\u00f3 Forma-1-es futamnak<\/li>\n\n\n\n<li>Abu Dhabi aa helysz\u00edn, ahol Max Verstappen megszerezte els\u0151 vil\u00e1gbajnoki c\u00edm\u00e9t.<\/li>\n\n\n\n<li>Ez az a hely, ahol Sebastian Vettel 2010-ben megszerezte els\u0151 bajnoki c\u00edm\u00e9t a Red Bull Racing sz\u00edneiben.<\/li>\n<\/ul>\n","protected":false},"featured_media":15738,"template":"","region":[337],"class_list":["post-16483","roaming","type-roaming","status-publish","has-post-thumbnail","hentry","region-azsia"],"_links":{"self":[{"href":"http:\/\/esim2.clientinternals.webcase.pl\/hu\/wp-json\/wp\/v2\/roaming\/16483","targetHints":{"allow":["GET"]}}],"collection":[{"href":"http:\/\/esim2.clientinternals.webcase.pl\/hu\/wp-json\/wp\/v2\/roaming"}],"about":[{"href":"http:\/\/esim2.clientinternals.webcase.pl\/hu\/wp-json\/wp\/v2\/types\/roaming"}],"wp:featuredmedia":[{"embeddable":true,"href":"http:\/\/esim2.clientinternals.webcase.pl\/hu\/wp-json\/wp\/v2\/media\/15738"}],"wp:attachment":[{"href":"http:\/\/esim2.clientinternals.webcase.pl\/hu\/wp-json\/wp\/v2\/media?parent=16483"}],"wp:term":[{"taxonomy":"region","embeddable":true,"href":"http:\/\/esim2.clientinternals.webcase.pl\/hu\/wp-json\/wp\/v2\/region?post=16483"}],"curies":[{"name":"wp","href":"https:\/\/api.w.org\/{rel}","templated":true}]}}