{"id":16814,"date":"2024-02-23T19:47:32","date_gmt":"2024-02-23T18:47:32","guid":{"rendered":"http:\/\/esim2.clientinternals.webcase.pl\/?post_type=roaming&#038;p=16814"},"modified":"2024-03-17T21:28:45","modified_gmt":"2024-03-17T20:28:45","slug":"esim-romania","status":"publish","type":"roaming","link":"http:\/\/esim2.clientinternals.webcase.pl\/hu\/roaming\/esim-romania\/","title":{"rendered":"Rom\u00e1nia"},"content":{"rendered":"\n<p>\u00cdme n\u00e9h\u00e1ny \u00e9rdekes t\u00e9ny Rom\u00e1ni\u00e1r\u00f3l:<\/p>\n\n\n\n<ul class=\"wp-block-list\">\n<li>F\u0151v\u00e1ros: Bukarest<\/li>\n\n\n\n<li>N\u00e9pess\u00e9g: (becsl\u00e9s 2021)<\/li>\n\n\n\n<li>Orsz\u00e1gk\u00f3d: +40<\/li>\n\n\n\n<li>P\u00e9nznem: Leu<\/li>\n\n\n\n<li>Nyelv: Rom\u00e1n<\/li>\n\n\n\n<li>Egy\u00e9b \u00e9rdekes helyek: Ia\u0219i, Constan\u021ba.<\/li>\n\n\n\n<li>Rom\u00e1nia egy d\u00e9lkelet-eur\u00f3pai orsz\u00e1g, amely Erd\u00e9ly erd\u0151s vid\u00e9k\u00e9r\u0151l ismert.<\/li>\n\n\n\n<li>A rom\u00e1n f\u0151v\u00e1rosban tal\u00e1lhat\u00f3 Parlamenti Palota a vil\u00e1g m\u00e1sodik legnagyobb \u00e9p\u00fclete az amerikai Pentagon ut\u00e1n.<\/li>\n\n\n\n<li>Francesco Illy, az Illycaff\u00e8 alap\u00edt\u00f3ja \u00e9s feltal\u00e1l\u00f3ja 1892-ben sz\u00fcletett Temesv\u00e1ron, Rom\u00e1ni\u00e1ban. K\u00fcl\u00f6nb\u00f6z\u0151 k\u00e1v\u00e9f\u0151z\u0151ket is feltal\u00e1lt.<\/li>\n\n\n\n<li>Nadia Com\u0103neci volt az els\u0151 torn\u00e1sz, aki az 1976-os olimpiai j\u00e1t\u00e9kokon 10,0 pontot kapott.<\/li>\n<\/ul>\n\n\n\n<p>Tudtad, hogy\u2026?<\/p>\n\n\n\n<ul class=\"wp-block-list\">\n<li>Charlottenburg (vagy Sarlota) mind\u00f6ssze 40 km-re fekszik Temesv\u00e1rt\u00f3l, \u00e9s az egyetlen k\u00f6r alak\u00fa falu Rom\u00e1ni\u00e1ban.<\/li>\n\n\n\n<li>A rom\u00e1niai Temesv\u00e1r volt az els\u0151, ahol 1884-ben elektromos k\u00f6zvil\u00e1g\u00edt\u00e1st szereltek fel.<\/li>\n<\/ul>\n","protected":false},"featured_media":15329,"template":"","region":[341],"class_list":["post-16814","roaming","type-roaming","status-publish","has-post-thumbnail","hentry","region-europa"],"_links":{"self":[{"href":"http:\/\/esim2.clientinternals.webcase.pl\/hu\/wp-json\/wp\/v2\/roaming\/16814","targetHints":{"allow":["GET"]}}],"collection":[{"href":"http:\/\/esim2.clientinternals.webcase.pl\/hu\/wp-json\/wp\/v2\/roaming"}],"about":[{"href":"http:\/\/esim2.clientinternals.webcase.pl\/hu\/wp-json\/wp\/v2\/types\/roaming"}],"wp:featuredmedia":[{"embeddable":true,"href":"http:\/\/esim2.clientinternals.webcase.pl\/hu\/wp-json\/wp\/v2\/media\/15329"}],"wp:attachment":[{"href":"http:\/\/esim2.clientinternals.webcase.pl\/hu\/wp-json\/wp\/v2\/media?parent=16814"}],"wp:term":[{"taxonomy":"region","embeddable":true,"href":"http:\/\/esim2.clientinternals.webcase.pl\/hu\/wp-json\/wp\/v2\/region?post=16814"}],"curies":[{"name":"wp","href":"https:\/\/api.w.org\/{rel}","templated":true}]}}