{"id":17143,"date":"2024-02-23T19:27:45","date_gmt":"2024-02-23T18:27:45","guid":{"rendered":"http:\/\/esim2.clientinternals.webcase.pl\/?post_type=roaming&#038;p=17143"},"modified":"2024-03-17T17:39:48","modified_gmt":"2024-03-17T16:39:48","slug":"esim-liechtenstein","status":"publish","type":"roaming","link":"http:\/\/esim2.clientinternals.webcase.pl\/hu\/roaming\/esim-liechtenstein\/","title":{"rendered":"Liechtenstein"},"content":{"rendered":"\n<p>\u00cdme n\u00e9h\u00e1ny \u00e9rdekes t\u00e9ny Liechtensteinr\u0151l:<\/p>\n\n\n\n<ul class=\"wp-block-list\">\n<li>F\u0151v\u00e1ros: Vaduz<\/li>\n\n\n\n<li>N\u00e9pess\u00e9g: (becs\u00fclt 2021)<\/li>\n\n\n\n<li>Orsz\u00e1gk\u00f3d: +423<\/li>\n\n\n\n<li>P\u00e9nznem: sv\u00e1jci frank<\/li>\n\n\n\n<li>Nyelv: N\u00e9met<\/li>\n\n\n\n<li>Egy\u00e9b \u00e9rdekes helyek: Balzers, Mauren, Triesenberg<\/li>\n\n\n\n<li>Liechtenstein egy 25 km hossz\u00fa fejedelems\u00e9g Ausztria \u00e9s Sv\u00e1jc k\u00f6z\u00f6tt.<\/li>\n\n\n\n<li>Liechtenstein az egyetlen olyan orsz\u00e1g a vil\u00e1gon, amelynek teljes ter\u00fclete az Alpok t\u00e9rs\u00e9g\u00e9ben tal\u00e1lhat\u00f3.<\/li>\n\n\n\n<li>Liechtensteinben olyan jelent\u0151s ipar\u00e1gak m\u0171k\u00f6dnek, mint az elektronika, a f\u00e9mgy\u00e1rt\u00e1s, a fog\u00e1szati term\u00e9kek, az optikai m\u0171szerek, a gy\u00f3gyszeripar \u00e9s a vir\u00e1gz\u00f3 p\u00e9nz\u00fcgyi szolg\u00e1ltat\u00e1si \u00e1gazat.<\/li>\n\n\n\n<li>A liechtensteini munkaer\u0151 t\u00f6bb mint 50%-a naponta ing\u00e1zik az orsz\u00e1gba a szomsz\u00e9dos orsz\u00e1gokb\u00f3l.<\/li>\n<\/ul>\n\n\n\n<p>Tudtad, hogy\u2026?<\/p>\n\n\n\n<ul class=\"wp-block-list\">\n<li>Liechtenstein nem rendelkezik rep\u00fcl\u0151t\u00e9rrel. A legk\u00f6zelebbi rep\u00fcl\u0151t\u00e9r a sv\u00e1jci Z\u00fcrichben tal\u00e1lhat\u00f3.<\/li>\n\n\n\n<li>Legnagyobb v\u00e1ros\u00e1ban, Schaanban mind\u00f6ssze 6000 ember \u00e9l.<\/li>\n<\/ul>\n","protected":false},"featured_media":15738,"template":"","region":[341],"class_list":["post-17143","roaming","type-roaming","status-publish","has-post-thumbnail","hentry","region-europa"],"_links":{"self":[{"href":"http:\/\/esim2.clientinternals.webcase.pl\/hu\/wp-json\/wp\/v2\/roaming\/17143","targetHints":{"allow":["GET"]}}],"collection":[{"href":"http:\/\/esim2.clientinternals.webcase.pl\/hu\/wp-json\/wp\/v2\/roaming"}],"about":[{"href":"http:\/\/esim2.clientinternals.webcase.pl\/hu\/wp-json\/wp\/v2\/types\/roaming"}],"wp:featuredmedia":[{"embeddable":true,"href":"http:\/\/esim2.clientinternals.webcase.pl\/hu\/wp-json\/wp\/v2\/media\/15738"}],"wp:attachment":[{"href":"http:\/\/esim2.clientinternals.webcase.pl\/hu\/wp-json\/wp\/v2\/media?parent=17143"}],"wp:term":[{"taxonomy":"region","embeddable":true,"href":"http:\/\/esim2.clientinternals.webcase.pl\/hu\/wp-json\/wp\/v2\/region?post=17143"}],"curies":[{"name":"wp","href":"https:\/\/api.w.org\/{rel}","templated":true}]}}