{"id":17232,"date":"2024-02-23T19:25:03","date_gmt":"2024-02-23T18:25:03","guid":{"rendered":"http:\/\/esim2.clientinternals.webcase.pl\/?post_type=roaming&#038;p=17232"},"modified":"2024-03-17T08:17:37","modified_gmt":"2024-03-17T07:17:37","slug":"esim-gibraltar","status":"publish","type":"roaming","link":"http:\/\/esim2.clientinternals.webcase.pl\/hu\/roaming\/esim-gibraltar\/","title":{"rendered":"Gibralt\u00e1r"},"content":{"rendered":"\n<p>\u00cdme n\u00e9h\u00e1ny \u00e9rdekes t\u00e9ny Gibralt\u00e1rr\u00f3l:<\/p>\n\n\n\n<ul class=\"wp-block-list\">\n<li>Orsz\u00e1gk\u00f3d: +350<\/li>\n\n\n\n<li>F\u0151v\u00e1ros: Gibralt\u00e1r<\/li>\n\n\n\n<li>Egy\u00e9b f\u0151bb v\u00e1rosok: La L\u00ednea de la Concepci\u00f3n, Tanger, Tetouan.<\/li>\n\n\n\n<li>N\u00e9pess\u00e9g: (2021-es becsl\u00e9s)<\/li>\n\n\n\n<li>Nyelv: Angol<\/li>\n\n\n\n<li>P\u00e9nznem: Gibralt\u00e1ri font<\/li>\n\n\n\n<li>A brit tengerent\u00fali ter\u00fcletnek sz\u00e1m\u00edt\u00f3 Gibralt\u00e1r hivatalos nyelve az angol, amelyet a korm\u00e1ny \u00e9s az iskol\u00e1k is haszn\u00e1lnak. Gibralt\u00e1r Spanyolorsz\u00e1ghoz val\u00f3 k\u00f6zels\u00e9ge miatt a legt\u00f6bb helyi lakos k\u00e9tnyelv\u0171, \u00e9s spanyolul is besz\u00e9l.<\/li>\n\n\n\n<li>Gibralt\u00e1rt el\u0151sz\u00f6r a k\u00f6z\u00e9pkorban a m\u00f3rok telep\u00edtett\u00e9k le, k\u00e9s\u0151bb Spanyolorsz\u00e1g uralta, majd 1713-ban a briteknek adt\u00e1k \u00e1t.<\/li>\n\n\n\n<li>Gibralt\u00e1r az egyetlen ter\u00fclet az eg\u00e9sz eur\u00f3pai kontinensen, ahol vadon \u00e9l\u0151 majmok \u00e9lnek.<\/li>\n\n\n\n<li>Gibralt\u00e1r a legsz\u0171kebb \u00e1tkel\u0151hely az Eur\u00f3p\u00e1ba \u00e9s Afrik\u00e1ba tart\u00f3, illetve onnan \u00e9rkez\u0151 madarak sz\u00e1m\u00e1ra.<\/li>\n<\/ul>\n\n\n\n<p>Tudtad, hogy\u2026?<\/p>\n\n\n\n<ul class=\"wp-block-list\">\n<li>A rep\u00fcl\u0151t\u00e9r kifut\u00f3p\u00e1ly\u00e1j\u00e1n kell \u00e1thaladnia, hogy bejusson a v\u00e1rosba.<\/li>\n\n\n\n<li>A gibralt\u00e1ri szikla belsej\u00e9ben t\u00f6bb mint 150 barlang tal\u00e1lhat\u00f3.<\/li>\n<\/ul>\n","protected":false},"featured_media":15738,"template":"","region":[341],"class_list":["post-17232","roaming","type-roaming","status-publish","has-post-thumbnail","hentry","region-europa"],"_links":{"self":[{"href":"http:\/\/esim2.clientinternals.webcase.pl\/hu\/wp-json\/wp\/v2\/roaming\/17232","targetHints":{"allow":["GET"]}}],"collection":[{"href":"http:\/\/esim2.clientinternals.webcase.pl\/hu\/wp-json\/wp\/v2\/roaming"}],"about":[{"href":"http:\/\/esim2.clientinternals.webcase.pl\/hu\/wp-json\/wp\/v2\/types\/roaming"}],"wp:featuredmedia":[{"embeddable":true,"href":"http:\/\/esim2.clientinternals.webcase.pl\/hu\/wp-json\/wp\/v2\/media\/15738"}],"wp:attachment":[{"href":"http:\/\/esim2.clientinternals.webcase.pl\/hu\/wp-json\/wp\/v2\/media?parent=17232"}],"wp:term":[{"taxonomy":"region","embeddable":true,"href":"http:\/\/esim2.clientinternals.webcase.pl\/hu\/wp-json\/wp\/v2\/region?post=17232"}],"curies":[{"name":"wp","href":"https:\/\/api.w.org\/{rel}","templated":true}]}}