{"id":16969,"date":"2024-02-23T19:39:19","date_gmt":"2024-02-23T18:39:19","guid":{"rendered":"http:\/\/esim2.clientinternals.webcase.pl\/?post_type=roaming&#038;p=16969"},"modified":"2024-03-17T07:47:33","modified_gmt":"2024-03-17T06:47:33","slug":"esim-francia","status":"publish","type":"roaming","link":"http:\/\/esim2.clientinternals.webcase.pl\/it\/roaming\/esim-francia\/","title":{"rendered":"Francia"},"content":{"rendered":"\n<p>Ecco alcuni fatti interessanti e divertenti sulla Francia<\/p>\n\n\n\n<ul class=\"wp-block-list\">\n<li>Codice paese: +33<\/li>\n\n\n\n<li>Capitale: Parigi<\/li>\n\n\n\n<li>Altre citt\u00e0 principali: Marsiglia, Lione, Tolosa<\/li>\n\n\n\n<li>Popolazione: 67,9 milioni (stima 2022)<\/li>\n\n\n\n<li>Lingua: Francese<\/li>\n\n\n\n<li>Valuta: Euro<\/li>\n\n\n\n<li>La Francia \u00e8 il paese pi\u00f9 grande dell\u2019Europa occidentale e uno dei paesi pi\u00f9 visitati al mondo.<\/li>\n\n\n\n<li>Nel 2016 la Francia ha adottato una legge sulla lotta allo spreco alimentare che vietava ai supermercati di distruggere i prodotti alimentari invenduti, obbligandoli invece a donarli.<\/li>\n\n\n\n<li>Il francese \u00e8 la lingua ufficiale, ma i linguisti stimano che in Francia ci siano circa 75 lingue regionali!<\/li>\n\n\n\n<li>Il primo trapianto di faccia e cuore al mondo \u00e8 stato effettuato in Francia. I chirurghi francesi hanno eseguito il primo trapianto di faccia nel 2005, mentre il primo trapianto di cuore \u00e8 stato effettuato nel 2013 presso l\u2019ospedale Georges Pompidou di Parigi.<\/li>\n<\/ul>\n\n\n\n<p>Lo sapevate che\u2026?<\/p>\n\n\n\n<ul class=\"wp-block-list\">\n<li>Red Bull \u00e8 stata lanciata in Francia nel 2008, pi\u00f9 di 20 anni dopo la prima lattina di Red Bull venduta in Austria nel 1987. Oggi Red Bull opera in oltre 172 paesi, vendendo oltre 9,8 miliardi di lattine all\u2019anno e in continua crescita!<\/li>\n\n\n\n<li>Il Gran Premio di Francia \u00e8 una gara automobilistica che si svolge nell\u2019ambito del Campionato Mondiale di Formula 1 della F\u00e9d\u00e9ration Internationale de l\u2019Automobile. \u00c8 una delle gare automobilistiche pi\u00f9 antiche del mondo, nonch\u00e9 il primo \u201cGran Premio\u201d.<\/li>\n\n\n\n<li>L\u2019ultima gara che si \u00e8 svolta in questo luogo \u00e8 stata nel 2022.<\/li>\n<\/ul>\n","protected":false},"featured_media":16259,"template":"","region":[399],"class_list":["post-16969","roaming","type-roaming","status-publish","has-post-thumbnail","hentry","region-europa"],"_links":{"self":[{"href":"http:\/\/esim2.clientinternals.webcase.pl\/it\/wp-json\/wp\/v2\/roaming\/16969","targetHints":{"allow":["GET"]}}],"collection":[{"href":"http:\/\/esim2.clientinternals.webcase.pl\/it\/wp-json\/wp\/v2\/roaming"}],"about":[{"href":"http:\/\/esim2.clientinternals.webcase.pl\/it\/wp-json\/wp\/v2\/types\/roaming"}],"wp:featuredmedia":[{"embeddable":true,"href":"http:\/\/esim2.clientinternals.webcase.pl\/it\/wp-json\/wp\/v2\/media\/16259"}],"wp:attachment":[{"href":"http:\/\/esim2.clientinternals.webcase.pl\/it\/wp-json\/wp\/v2\/media?parent=16969"}],"wp:term":[{"taxonomy":"region","embeddable":true,"href":"http:\/\/esim2.clientinternals.webcase.pl\/it\/wp-json\/wp\/v2\/region?post=16969"}],"curies":[{"name":"wp","href":"https:\/\/api.w.org\/{rel}","templated":true}]}}