{"id":16884,"date":"2024-02-23T19:44:32","date_gmt":"2024-02-23T18:44:32","guid":{"rendered":"http:\/\/esim2.clientinternals.webcase.pl\/?post_type=roaming&#038;p=16884"},"modified":"2024-03-17T20:33:21","modified_gmt":"2024-03-17T19:33:21","slug":"esim-montenegro","status":"publish","type":"roaming","link":"http:\/\/esim2.clientinternals.webcase.pl\/pt-pt\/roaming\/esim-montenegro\/","title":{"rendered":"Montenegro"},"content":{"rendered":"\n<p>Eis alguns factos interessantes sobre o Montenegro:<\/p>\n\n\n\n<ul class=\"wp-block-list\">\n<li>C\u00f3digo do pa\u00eds: +382<\/li>\n\n\n\n<li>Capital: Podgorica<\/li>\n\n\n\n<li>Outras cidades principais: Niksic, Tivat, Rozaje<\/li>\n\n\n\n<li>Popula\u00e7\u00e3o: 619.211 (2021 est.)<\/li>\n\n\n\n<li>L\u00edngua: Montenegrino<\/li>\n\n\n\n<li>Moeda: Euro<\/li>\n\n\n\n<li>A l\u00edngua oficial \u00e9 o montenegrino, embora o s\u00e9rvio, o croata, o b\u00f3snio e o alban\u00eas sejam tamb\u00e9m l\u00ednguas de uso oficial reconhecido.<\/li>\n\n\n\n<li>O pa\u00eds est\u00e1 situado em 4 zonas clim\u00e1ticas.<\/li>\n\n\n\n<li>Faz fronteira com a S\u00e9rvia a norte, com o Kosovo e a Alb\u00e2nia a sudeste, com o Mar Adri\u00e1tico a sul, com a It\u00e1lia do outro lado, e com a Cro\u00e1cia e a B\u00f3snia-Herzegovina a oeste.<\/li>\n\n\n\n<li>O Montenegro tornou-se o primeiro Estado ecol\u00f3gico do mundo em 1991.<\/li>\n<\/ul>\n\n\n\n<p>Sabias que\u2026?<\/p>\n\n\n\n<ul class=\"wp-block-list\">\n<li>O desfiladeiro de Tara, com 1.300 m, \u00e9 o desfiladeiro mais profundo da Europa.<\/li>\n\n\n\n<li>A Ba\u00eda de Kotor \u00e9 o fiorde mais meridional do mundo.<\/li>\n<\/ul>\n","protected":false},"featured_media":15325,"template":"","region":[436],"class_list":["post-16884","roaming","type-roaming","status-publish","has-post-thumbnail","hentry","region-europa-pt-pt"],"_links":{"self":[{"href":"http:\/\/esim2.clientinternals.webcase.pl\/pt-pt\/wp-json\/wp\/v2\/roaming\/16884","targetHints":{"allow":["GET"]}}],"collection":[{"href":"http:\/\/esim2.clientinternals.webcase.pl\/pt-pt\/wp-json\/wp\/v2\/roaming"}],"about":[{"href":"http:\/\/esim2.clientinternals.webcase.pl\/pt-pt\/wp-json\/wp\/v2\/types\/roaming"}],"wp:featuredmedia":[{"embeddable":true,"href":"http:\/\/esim2.clientinternals.webcase.pl\/pt-pt\/wp-json\/wp\/v2\/media\/15325"}],"wp:attachment":[{"href":"http:\/\/esim2.clientinternals.webcase.pl\/pt-pt\/wp-json\/wp\/v2\/media?parent=16884"}],"wp:term":[{"taxonomy":"region","embeddable":true,"href":"http:\/\/esim2.clientinternals.webcase.pl\/pt-pt\/wp-json\/wp\/v2\/region?post=16884"}],"curies":[{"name":"wp","href":"https:\/\/api.w.org\/{rel}","templated":true}]}}