{"id":16968,"date":"2024-02-23T19:39:19","date_gmt":"2024-02-23T18:39:19","guid":{"rendered":"http:\/\/esim2.clientinternals.webcase.pl\/?post_type=roaming&#038;p=16968"},"modified":"2024-03-17T07:49:14","modified_gmt":"2024-03-17T06:49:14","slug":"esim-franca","status":"publish","type":"roaming","link":"http:\/\/esim2.clientinternals.webcase.pl\/pt-pt\/roaming\/esim-franca\/","title":{"rendered":"Fran\u00e7a"},"content":{"rendered":"\n<p>Eis alguns factos interessantes e divertidos sobre a Fran\u00e7a<\/p>\n\n\n\n<ul class=\"wp-block-list\">\n<li>C\u00f3digo do pa\u00eds: +33<\/li>\n\n\n\n<li>Capital: Paris<\/li>\n\n\n\n<li>Outras cidades principais: Marselha, Lyon, Toulouse<\/li>\n\n\n\n<li>Popula\u00e7\u00e3o: 67,9 milh\u00f5es (est. 2022)<\/li>\n\n\n\n<li>L\u00edngua: Franc\u00eas<\/li>\n\n\n\n<li>Moeda: Euro<\/li>\n\n\n\n<li>A Fran\u00e7a \u00e9 o maior pa\u00eds da Europa Ocidental e um dos pa\u00edses mais visitados do mundo.<\/li>\n\n\n\n<li>Em 2016, a Fran\u00e7a adoptou uma lei de combate ao desperd\u00edcio alimentar que proibia os supermercados de destru\u00edrem os produtos alimentares n\u00e3o vendidos, sendo obrigados a do\u00e1-los.<\/li>\n\n\n\n<li>O franc\u00eas \u00e9 a l\u00edngua oficial; no entanto, os linguistas estimam que existem cerca de 75 l\u00ednguas regionais em Fran\u00e7a!<\/li>\n\n\n\n<li>O primeiro transplante de rosto e de cora\u00e7\u00e3o do mundo teve lugar em Fran\u00e7a. Os cirurgi\u00f5es franceses realizaram o primeiro transplante de rosto em 2005 e o primeiro transplante de cora\u00e7\u00e3o em 2013, no Hospital Georges Pompidou, em Paris.<\/li>\n<\/ul>\n\n\n\n<p>Sabias que\u2026?<\/p>\n\n\n\n<ul class=\"wp-block-list\">\n<li>O Red Bull foi lan\u00e7ado em Fran\u00e7a em 2008, mais de 20 anos depois de a primeira lata de Red Bull ter sido vendida na \u00c1ustria em 1987. Atualmente, a Red Bull opera em mais de 172 pa\u00edses, vendendo mais de 9,8 mil milh\u00f5es de latas por ano e crescendo!<\/li>\n\n\n\n<li>O Grande Pr\u00e9mio de Fran\u00e7a \u00e9 uma corrida de autom\u00f3veis que faz parte do Campeonato do Mundo de F\u00f3rmula 1 da Federa\u00e7\u00e3o Internacional de Automobilismo. \u00c9 uma das mais antigas corridas de autom\u00f3veis do mundo e o primeiro \u201cGrande Pr\u00e9mio\u201d.<\/li>\n\n\n\n<li>A \u00faltima corrida que a\u00ed se realizou foi em 2022.<\/li>\n<\/ul>\n","protected":false},"featured_media":16257,"template":"","region":[436],"class_list":["post-16968","roaming","type-roaming","status-publish","has-post-thumbnail","hentry","region-europa-pt-pt"],"_links":{"self":[{"href":"http:\/\/esim2.clientinternals.webcase.pl\/pt-pt\/wp-json\/wp\/v2\/roaming\/16968","targetHints":{"allow":["GET"]}}],"collection":[{"href":"http:\/\/esim2.clientinternals.webcase.pl\/pt-pt\/wp-json\/wp\/v2\/roaming"}],"about":[{"href":"http:\/\/esim2.clientinternals.webcase.pl\/pt-pt\/wp-json\/wp\/v2\/types\/roaming"}],"wp:featuredmedia":[{"embeddable":true,"href":"http:\/\/esim2.clientinternals.webcase.pl\/pt-pt\/wp-json\/wp\/v2\/media\/16257"}],"wp:attachment":[{"href":"http:\/\/esim2.clientinternals.webcase.pl\/pt-pt\/wp-json\/wp\/v2\/media?parent=16968"}],"wp:term":[{"taxonomy":"region","embeddable":true,"href":"http:\/\/esim2.clientinternals.webcase.pl\/pt-pt\/wp-json\/wp\/v2\/region?post=16968"}],"curies":[{"name":"wp","href":"https:\/\/api.w.org\/{rel}","templated":true}]}}