{"id":17839,"date":"2024-02-23T19:54:31","date_gmt":"2024-02-23T18:54:31","guid":{"rendered":"http:\/\/esim2.clientinternals.webcase.pl\/?post_type=roaming&#038;p=17839"},"modified":"2024-03-17T23:51:23","modified_gmt":"2024-03-17T22:51:23","slug":"esim-nicaragua","status":"publish","type":"roaming","link":"http:\/\/esim2.clientinternals.webcase.pl\/pt-pt\/roaming\/esim-nicaragua\/","title":{"rendered":"Nicar\u00e1gua"},"content":{"rendered":"\n<p>Aqui tens alguns factos interessantes sobre a Nicar\u00e1gua:<\/p>\n\n\n\n<ul class=\"wp-block-list\">\n<li>Capital: Man\u00e1gua<\/li>\n\n\n\n<li>Popula\u00e7\u00e3o: 6,85 milh\u00f5es (est. 2021)<\/li>\n\n\n\n<li>C\u00f3digo do pa\u00eds: +505<\/li>\n\n\n\n<li>Moeda: C\u00f3rdoba nicaraguense<\/li>\n\n\n\n<li>Fala a l\u00edngua: espanhol<\/li>\n\n\n\n<li>Outros locais de interesse: Las Pe\u00f1itas, San Juan del Sur, Granada<\/li>\n\n\n\n<li>A Nicar\u00e1gua est\u00e1 situada entre o Oceano Pac\u00edfico e o Mar das Cara\u00edbas.<\/li>\n\n\n\n<li>\u00c9 uma na\u00e7\u00e3o da Am\u00e9rica Central conhecida pelo seu terreno dram\u00e1tico de lagos, vulc\u00f5es e praias.<\/li>\n\n\n\n<li>A Nicar\u00e1gua tem 68 ecossistemas e forma\u00e7\u00f5es vegetais que representam 60% da Am\u00e9rica Central.<\/li>\n\n\n\n<li>A descida do vulc\u00e3o Cerro Negro \u00e9 uma das atrac\u00e7\u00f5es mais singulares da Nicar\u00e1gua.<\/li>\n<\/ul>\n\n\n\n<p>Sabias que\u2026?<\/p>\n\n\n\n<ul class=\"wp-block-list\">\n<li>Os habitantes locais chamam a si pr\u00f3prios Nicas.<\/li>\n\n\n\n<li>O Lago Man\u00e1gua \u00e9 o \u00fanico lago de \u00e1gua doce onde vivem tubar\u00f5es (tubar\u00f5es-touro).<\/li>\n<\/ul>\n","protected":false},"featured_media":17773,"template":"","region":[437],"class_list":["post-17839","roaming","type-roaming","status-publish","has-post-thumbnail","hentry","region-america-do-norte-pt-pt"],"_links":{"self":[{"href":"http:\/\/esim2.clientinternals.webcase.pl\/pt-pt\/wp-json\/wp\/v2\/roaming\/17839","targetHints":{"allow":["GET"]}}],"collection":[{"href":"http:\/\/esim2.clientinternals.webcase.pl\/pt-pt\/wp-json\/wp\/v2\/roaming"}],"about":[{"href":"http:\/\/esim2.clientinternals.webcase.pl\/pt-pt\/wp-json\/wp\/v2\/types\/roaming"}],"wp:featuredmedia":[{"embeddable":true,"href":"http:\/\/esim2.clientinternals.webcase.pl\/pt-pt\/wp-json\/wp\/v2\/media\/17773"}],"wp:attachment":[{"href":"http:\/\/esim2.clientinternals.webcase.pl\/pt-pt\/wp-json\/wp\/v2\/media?parent=17839"}],"wp:term":[{"taxonomy":"region","embeddable":true,"href":"http:\/\/esim2.clientinternals.webcase.pl\/pt-pt\/wp-json\/wp\/v2\/region?post=17839"}],"curies":[{"name":"wp","href":"https:\/\/api.w.org\/{rel}","templated":true}]}}