{"id":18818,"date":"2024-02-21T20:44:30","date_gmt":"2024-02-21T19:44:30","guid":{"rendered":"https:\/\/esim2.clientinternals.webcase.pl\/?post_type=help&#038;p=18818"},"modified":"2024-03-15T00:32:07","modified_gmt":"2024-03-14T23:32:07","slug":"aplicatia-spune-ca-dispozitivul-meu-este-blocat-ce-inseamna-asta","status":"publish","type":"help","link":"http:\/\/esim2.clientinternals.webcase.pl\/ro\/help\/aplicatia\/aplicatia-spune-ca-dispozitivul-meu-este-blocat-ce-inseamna-asta\/","title":{"rendered":"Aplica\u021bia spune c\u0103 dispozitivul meu este blocat. Ce \u00eenseamn\u0103 asta?"},"content":{"rendered":"\n<p>Atunci c\u00e2nd cump\u0103ra\u021bi un telefon cu contract, nu este neobi\u0219nuit ca furnizorul de servicii s\u0103 blocheze conectivitatea altor furnizori. Dac\u0103 telefonul dvs. este blocat, de obicei trebuie s\u0103 a\u0219tepta\u021bi p\u00e2n\u0103 la expirarea contractului &#8211; v\u0103 suger\u0103m s\u0103 v\u0103 adresa\u021bi furnizorului dvs. pentru a afla dac\u0103 \u00eel poate debloca pentru dvs. Din p\u0103cate, c\u00e2t timp telefonul este blocat, nu ve\u021bi putea s\u0103 instala\u021bi un eSIM. Da, este ceva care ne frustreaz\u0103 \u0219i pe noi.<\/p>\n","protected":false},"parent":18814,"menu_order":40,"template":"","format":"standard","faq-category":[28],"class_list":["post-18818","help","type-help","status-publish","format-standard","hentry","faq-category-faq-home"],"_links":{"self":[{"href":"http:\/\/esim2.clientinternals.webcase.pl\/ro\/wp-json\/wp\/v2\/help\/18818","targetHints":{"allow":["GET"]}}],"collection":[{"href":"http:\/\/esim2.clientinternals.webcase.pl\/ro\/wp-json\/wp\/v2\/help"}],"about":[{"href":"http:\/\/esim2.clientinternals.webcase.pl\/ro\/wp-json\/wp\/v2\/types\/help"}],"up":[{"embeddable":true,"href":"http:\/\/esim2.clientinternals.webcase.pl\/ro\/wp-json\/wp\/v2\/help\/18814"}],"wp:attachment":[{"href":"http:\/\/esim2.clientinternals.webcase.pl\/ro\/wp-json\/wp\/v2\/media?parent=18818"}],"wp:term":[{"taxonomy":"faq-category","embeddable":true,"href":"http:\/\/esim2.clientinternals.webcase.pl\/ro\/wp-json\/wp\/v2\/faq-category?post=18818"}],"curies":[{"name":"wp","href":"https:\/\/api.w.org\/{rel}","templated":true}]}}