{"id":16967,"date":"2024-02-23T19:39:19","date_gmt":"2024-02-23T18:39:19","guid":{"rendered":"http:\/\/esim2.clientinternals.webcase.pl\/?post_type=roaming&#038;p=16967"},"modified":"2024-03-13T10:02:03","modified_gmt":"2024-03-13T09:02:03","slug":"esim-franta","status":"publish","type":"roaming","link":"http:\/\/esim2.clientinternals.webcase.pl\/ro\/roaming\/esim-franta\/","title":{"rendered":"Fran\u021ba"},"content":{"rendered":"\n<p>Iat\u0103 c\u00e2teva fapte interesante \u0219i amuzante despre Fran\u021ba<\/p>\n\n\n\n<ul class=\"wp-block-list\">\n<li>Codul \u021b\u0103rii: +33<\/li>\n\n\n\n<li>Capital: Paris<\/li>\n\n\n\n<li>Alte ora\u0219e principale: Marsilia, Lyon, Toulouse<\/li>\n\n\n\n<li>Popula\u021bia: 67,9 milioane (2022 est.)<\/li>\n\n\n\n<li>Limba: Francez\u0103<\/li>\n\n\n\n<li>Moned\u0103: Euro<\/li>\n\n\n\n<li>Fran\u021ba este cea mai mare \u021bar\u0103 din Europa de Vest \u0219i una dintre cele mai vizitate \u021b\u0103ri din lume.<\/li>\n\n\n\n<li>\u00cen 2016, Fran\u021ba a adoptat o lege de combatere a risipei alimentare care interzicea supermarketurilor s\u0103 distrug\u0103 produsele alimentare nev\u00e2ndute, fiind obligate s\u0103 le doneze.<\/li>\n\n\n\n<li>Franceza este limba oficial\u0103; cu toate acestea, lingvi\u0219tii estimeaz\u0103 c\u0103 \u00een Fran\u021ba exist\u0103 aproximativ 75 de limbi regionale!<\/li>\n\n\n\n<li>Primul transplant de fa\u021b\u0103 \u0219i de inim\u0103 din lume a avut loc \u00een Fran\u021ba. Chirurgii francezi au efectuat primul transplant de fa\u021b\u0103 \u00een 2005, \u00een timp ce primul transplant de inim\u0103 a avut loc \u00een 2013, la Spitalul Georges Pompidou din Paris.<\/li>\n<\/ul>\n\n\n\n<p>\u0218tia\u021bi c\u0103\u2026?<\/p>\n\n\n\n<ul class=\"wp-block-list\">\n<li>Red Bull a fost lansat \u00een Fran\u021ba \u00een 2008, la mai bine de 20 de ani dup\u0103 ce prima cutie de Red Bull a fost v\u00e2ndut\u0103 \u00een Austria, \u00een 1987. \u00cen prezent, Red Bull opereaz\u0103 \u00een peste 172 de \u021b\u0103ri, v\u00e2nz\u00e2nd peste 9,8 miliarde de cutii de conserve pe an \u0219i \u00een continu\u0103 cre\u0219tere!<\/li>\n\n\n\n<li>Marele Premiu al Fran\u021bei este o curs\u0103 auto care are loc \u00een cadrul Campionatului Mondial de Formula 1, organizat anual de F\u00e9d\u00e9ration Internationale de l\u2019Automobile. Este una dintre cele mai vechi curse auto din lume \u0219i primul \u201eGrand Prix\u201d.<\/li>\n\n\n\n<li>Ultima curs\u0103 care a avut loc acolo a fost \u00een 2022.<\/li>\n<\/ul>\n","protected":false},"featured_media":16255,"template":"","region":[317],"class_list":["post-16967","roaming","type-roaming","status-publish","has-post-thumbnail","hentry","region-europa"],"_links":{"self":[{"href":"http:\/\/esim2.clientinternals.webcase.pl\/ro\/wp-json\/wp\/v2\/roaming\/16967","targetHints":{"allow":["GET"]}}],"collection":[{"href":"http:\/\/esim2.clientinternals.webcase.pl\/ro\/wp-json\/wp\/v2\/roaming"}],"about":[{"href":"http:\/\/esim2.clientinternals.webcase.pl\/ro\/wp-json\/wp\/v2\/types\/roaming"}],"wp:featuredmedia":[{"embeddable":true,"href":"http:\/\/esim2.clientinternals.webcase.pl\/ro\/wp-json\/wp\/v2\/media\/16255"}],"wp:attachment":[{"href":"http:\/\/esim2.clientinternals.webcase.pl\/ro\/wp-json\/wp\/v2\/media?parent=16967"}],"wp:term":[{"taxonomy":"region","embeddable":true,"href":"http:\/\/esim2.clientinternals.webcase.pl\/ro\/wp-json\/wp\/v2\/region?post=16967"}],"curies":[{"name":"wp","href":"https:\/\/api.w.org\/{rel}","templated":true}]}}