{"id":17022,"date":"2024-02-23T19:35:01","date_gmt":"2024-02-23T18:35:01","guid":{"rendered":"http:\/\/esim2.clientinternals.webcase.pl\/?post_type=roaming&#038;p=17022"},"modified":"2024-03-13T11:01:41","modified_gmt":"2024-03-13T10:01:41","slug":"esim-elvetia","status":"publish","type":"roaming","link":"http:\/\/esim2.clientinternals.webcase.pl\/ro\/roaming\/esim-elvetia\/","title":{"rendered":"Elve\u021bia"},"content":{"rendered":"\n<p>Iat\u0103 c\u00e2teva date interesante \u0219i amuzante despre Elve\u021bia<\/p>\n\n\n\n<ul class=\"wp-block-list\">\n<li>Codul \u021b\u0103rii: +41<\/li>\n\n\n\n<li>Capital: Berna<\/li>\n\n\n\n<li>Alte ora\u0219e principale: Zermatt, Lausanne, Basel<\/li>\n\n\n\n<li>Popula\u021bie: 8,82 milioane de locuitori (2023 est.)<\/li>\n\n\n\n<li>Limba: Elve\u021bia are patru limbi na\u021bionale: german\u0103, francez\u0103, italian\u0103 \u0219i roman\u0103.<\/li>\n\n\n\n<li>Moned\u0103: Franc elve\u021bian<\/li>\n\n\n\n<li>Germana elve\u021bian\u0103 este cea mai r\u0103sp\u00e2ndit\u0103 limb\u0103 vorbit\u0103 \u00een Elve\u021bia \u0219i este vorbit\u0103 de pu\u021bin peste 60 la sut\u0103 din popula\u021bie. Este numit\u0103 Schwyzerd\u00fctsch de c\u0103tre vorbitorii locali \u0219i este concentrat\u0103 \u00een p\u0103r\u021bile de nord, centru \u0219i est ale \u021b\u0103rii.<\/li>\n\n\n\n<li>Elve\u021bia are cea mai lung\u0103 scar\u0103 din lume, cu 11.674 de trepte, \u0219i se g\u0103se\u0219te de-a lungul c\u0103ii ferate montane Niesen. Scara are 3,4 km, dar trebuie urcat\u0103 la 1.669 m altitudine.<\/li>\n\n\n\n<li>Elve\u021bienii sunt, de asemenea, responsabili pentru inven\u021bii importante, cum ar fi Velcro, absintul, muesli \u0219i folia de aluminiu.<\/li>\n\n\n\n<li>Elve\u021bienii sunt cunoscu\u021bi pentru ciocolata lor, iar fondue elve\u021bian este cu u\u0219urin\u021b\u0103 cea mai popular\u0103 m\u00e2ncare din Elve\u021bia, care pune \u00een eviden\u021b\u0103 diversele arome ale br\u00e2nzei elve\u021biene.<\/li>\n<\/ul>\n\n\n\n<p>\u0218tia\u021bi c\u0103\u2026?<\/p>\n\n\n\n<ul class=\"wp-block-list\">\n<li>Ceasurile elve\u021biene \u0219i cu\u021bitele elve\u021biene sunt cele mai cunoscute suveniruri elve\u021biene necomestibile.<\/li>\n\n\n\n<li>Gara Jungfraujoch este cunoscut\u0103 sub numele de \u201eV\u00e2rful Europei\u201d.<\/li>\n\n\n\n<li>Ve\u021bi trece pe l\u00e2ng\u0103 mai multe sate capricioase acoperite de z\u0103pad\u0103, inclusiv Grindelwald, unul dintre cele mai renumite sate alpine din Elve\u021bia.<\/li>\n<\/ul>\n","protected":false},"featured_media":15323,"template":"","region":[317],"class_list":["post-17022","roaming","type-roaming","status-publish","has-post-thumbnail","hentry","region-europa"],"_links":{"self":[{"href":"http:\/\/esim2.clientinternals.webcase.pl\/ro\/wp-json\/wp\/v2\/roaming\/17022","targetHints":{"allow":["GET"]}}],"collection":[{"href":"http:\/\/esim2.clientinternals.webcase.pl\/ro\/wp-json\/wp\/v2\/roaming"}],"about":[{"href":"http:\/\/esim2.clientinternals.webcase.pl\/ro\/wp-json\/wp\/v2\/types\/roaming"}],"wp:featuredmedia":[{"embeddable":true,"href":"http:\/\/esim2.clientinternals.webcase.pl\/ro\/wp-json\/wp\/v2\/media\/15323"}],"wp:attachment":[{"href":"http:\/\/esim2.clientinternals.webcase.pl\/ro\/wp-json\/wp\/v2\/media?parent=17022"}],"wp:term":[{"taxonomy":"region","embeddable":true,"href":"http:\/\/esim2.clientinternals.webcase.pl\/ro\/wp-json\/wp\/v2\/region?post=17022"}],"curies":[{"name":"wp","href":"https:\/\/api.w.org\/{rel}","templated":true}]}}