{"id":17066,"date":"2024-02-23T19:31:54","date_gmt":"2024-02-23T18:31:54","guid":{"rendered":"http:\/\/esim2.clientinternals.webcase.pl\/?post_type=roaming&#038;p=17066"},"modified":"2024-03-13T12:52:49","modified_gmt":"2024-03-13T11:52:49","slug":"esim-portugalia","status":"publish","type":"roaming","link":"http:\/\/esim2.clientinternals.webcase.pl\/ro\/roaming\/esim-portugalia\/","title":{"rendered":"Portugalia"},"content":{"rendered":"\n<ul class=\"wp-block-list\">\n<li>Codul \u021b\u0103rii: +351<\/li>\n\n\n\n<li>Capital: Lisabona<\/li>\n\n\n\n<li>Moned\u0103: Euro<\/li>\n\n\n\n<li>Alte ora\u0219e principale: Porto, Braga, Sintra, Aveiro<\/li>\n\n\n\n<li>Popula\u021bia: 10,12 milioane (2023 est.)<\/li>\n\n\n\n<li>Limba: Portughez\u0103<\/li>\n\n\n\n<li>Cea mai veche libr\u0103rie din lume \u00eenc\u0103 \u00een func\u021biune, fondat\u0103 \u00een 1732, este situat\u0103 \u00een Chiado, cu o istorie de peste 250 de ani, libr\u0103ria a fost deschis\u0103 de Peter Faure ca un mic magazin \u0219i a fost c\u00e2ndva un punct de \u00eent\u00e2lnire pentru intelectualii portughezi de-a lungul deceniilor.<\/li>\n\n\n\n<li>Portugalia este una dintre cele mai vechi na\u021biuni din Europa. Grani\u021bele na\u021biunii portugheze au fost definite \u00een 1139, ceea ce face ca Portugalia s\u0103 fie nu numai una dintre cele mai vechi na\u021biuni din lume, ci \u0219i, probabil, din \u00eentreaga Europ\u0103. Interesant: Lisabona este cu patru secole mai veche dec\u00e2t Roma.<\/li>\n\n\n\n<li>Portugalia este unul dintre cele mai bune locuri de surf din lume. \u021aara are o linie de coast\u0103 care se \u00eentinde pe 800 de kilometri \u0219i se spune c\u0103 are 364 de zile de surf.<\/li>\n<\/ul>\n\n\n\n<p>\u0218tia\u021bi c\u0103\u2026?<\/p>\n\n\n\n<ul class=\"wp-block-list\">\n<li>Portugheza este \u00een prezent a cincea cea mai vorbit\u0103 limb\u0103 din lume \u0219i este limba oficial\u0103 a Portugaliei, Braziliei, Angolei, Cabo Verde, Guineea-Bissau, Mozambicului, S\u00e3o Tom\u00e9 \u0219i Principe \u0219i Timorului de Est. De asemenea, este vorbit\u0103 \u00een Macao, teritoriu aflat sub administra\u021bie portughez\u0103 p\u00e2n\u0103 \u00een 1999, \u0219i \u00een Goa.<\/li>\n\n\n\n<li>Cod s\u0103rat \u0219i sardine la gr\u0103tar sunt m\u00e2nc\u0103ruri na\u021bionale, plajele din Algarve sunt o destina\u021bie important\u0103, iar o mare parte din arhitectura na\u021biunii dateaz\u0103 din anii 1500-1800, c\u00e2nd Portugalia avea un imperiu maritim puternic.<\/li>\n<\/ul>\n","protected":false},"featured_media":15726,"template":"","region":[317],"class_list":["post-17066","roaming","type-roaming","status-publish","has-post-thumbnail","hentry","region-europa"],"_links":{"self":[{"href":"http:\/\/esim2.clientinternals.webcase.pl\/ro\/wp-json\/wp\/v2\/roaming\/17066","targetHints":{"allow":["GET"]}}],"collection":[{"href":"http:\/\/esim2.clientinternals.webcase.pl\/ro\/wp-json\/wp\/v2\/roaming"}],"about":[{"href":"http:\/\/esim2.clientinternals.webcase.pl\/ro\/wp-json\/wp\/v2\/types\/roaming"}],"wp:featuredmedia":[{"embeddable":true,"href":"http:\/\/esim2.clientinternals.webcase.pl\/ro\/wp-json\/wp\/v2\/media\/15726"}],"wp:attachment":[{"href":"http:\/\/esim2.clientinternals.webcase.pl\/ro\/wp-json\/wp\/v2\/media?parent=17066"}],"wp:term":[{"taxonomy":"region","embeddable":true,"href":"http:\/\/esim2.clientinternals.webcase.pl\/ro\/wp-json\/wp\/v2\/region?post=17066"}],"curies":[{"name":"wp","href":"https:\/\/api.w.org\/{rel}","templated":true}]}}