{"id":17105,"date":"2024-02-23T19:29:10","date_gmt":"2024-02-23T18:29:10","guid":{"rendered":"http:\/\/esim2.clientinternals.webcase.pl\/?post_type=roaming&#038;p=17105"},"modified":"2024-03-13T13:21:47","modified_gmt":"2024-03-13T12:21:47","slug":"esim-moldova","status":"publish","type":"roaming","link":"http:\/\/esim2.clientinternals.webcase.pl\/ro\/roaming\/esim-moldova\/","title":{"rendered":"Moldova"},"content":{"rendered":"\n<p>Iat\u0103 c\u00e2teva date interesante despre Moldova:<\/p>\n\n\n\n<ul class=\"wp-block-list\">\n<li>Codul \u021b\u0103rii: +373<\/li>\n\n\n\n<li>Capital: Chi\u0219in\u0103u<\/li>\n\n\n\n<li>Alte ora\u0219e principale: Ungheni, Ialoveni, Dondu\u0219eni<\/li>\n\n\n\n<li>Popula\u021bie: 2,61 milioane de locuitori (2021 est.)<\/li>\n\n\n\n<li>Limba: Rom\u00e2n\u0103<\/li>\n\n\n\n<li>Moned\u0103: Leul moldovenesc<\/li>\n\n\n\n<li>Chi\u0219in\u0103u este capitala \u0219i cel mai mare ora\u0219 al Republicii Moldova, din Europa de Est.<\/li>\n\n\n\n<li>Are un teren variat, inclusiv p\u0103duri, dealuri st\u00e2ncoase \u0219i podgorii. Printre regiunile sale viticole se num\u0103r\u0103 Nistreana, cunoscut\u0103 pentru vinurile ro\u0219ii, \u0219i Codru, unde se afl\u0103 unele dintre cele mai mari crame din lume.<\/li>\n\n\n\n<li>Limba matern\u0103 este rom\u00e2na, dar majoritatea moldovenilor vorbesc rusa, precum \u0219i g\u0103g\u0103uza, o limb\u0103 turc\u0103.<\/li>\n\n\n\n<li>M\u00e2ncarea na\u021bional\u0103 este terciul, numit M\u0103m\u0103lig\u0103, preparat din f\u0103in\u0103 galben\u0103 de porumb, servit \u00een mod tradi\u021bional al\u0103turi de toc\u0103ni\u021be suculente \u0219i m\u00e2nc\u0103ruri din carne \u0219i completat cu br\u00e2nz\u0103 de vaci, sm\u00e2nt\u00e2n\u0103 \u0219i crenvur\u0219ti de porc.<\/li>\n<\/ul>\n\n\n\n<p>\u0218tia\u021bi c\u0103\u2026?<\/p>\n\n\n\n<ul class=\"wp-block-list\">\n<li>Moldova a r\u0103mas f\u0103r\u0103 pre\u0219edinte \u00eentre 2009 \u0219i 2012 din cauza unui blocaj politic.<\/li>\n\n\n\n<li>Animalul na\u021bional al Moldovei este auroul, o vac\u0103 gigantic\u0103, care a disp\u0103rut \u00een prezent.<\/li>\n<\/ul>\n","protected":false},"featured_media":15726,"template":"","region":[317],"class_list":["post-17105","roaming","type-roaming","status-publish","has-post-thumbnail","hentry","region-europa"],"_links":{"self":[{"href":"http:\/\/esim2.clientinternals.webcase.pl\/ro\/wp-json\/wp\/v2\/roaming\/17105","targetHints":{"allow":["GET"]}}],"collection":[{"href":"http:\/\/esim2.clientinternals.webcase.pl\/ro\/wp-json\/wp\/v2\/roaming"}],"about":[{"href":"http:\/\/esim2.clientinternals.webcase.pl\/ro\/wp-json\/wp\/v2\/types\/roaming"}],"wp:featuredmedia":[{"embeddable":true,"href":"http:\/\/esim2.clientinternals.webcase.pl\/ro\/wp-json\/wp\/v2\/media\/15726"}],"wp:attachment":[{"href":"http:\/\/esim2.clientinternals.webcase.pl\/ro\/wp-json\/wp\/v2\/media?parent=17105"}],"wp:term":[{"taxonomy":"region","embeddable":true,"href":"http:\/\/esim2.clientinternals.webcase.pl\/ro\/wp-json\/wp\/v2\/region?post=17105"}],"curies":[{"name":"wp","href":"https:\/\/api.w.org\/{rel}","templated":true}]}}