{"id":16613,"date":"2024-02-23T19:20:04","date_gmt":"2024-02-23T18:20:04","guid":{"rendered":"http:\/\/esim2.clientinternals.webcase.pl\/?post_type=roaming&#038;p=16613"},"modified":"2024-03-15T10:34:26","modified_gmt":"2024-03-15T09:34:26","slug":"esim-yeni-zelanda","status":"publish","type":"roaming","link":"http:\/\/esim2.clientinternals.webcase.pl\/tr\/dolasim\/esim-yeni-zelanda\/","title":{"rendered":"Yeni Zelanda"},"content":{"rendered":"\n<p>\u0130\u015fte Yeni Zelanda hakk\u0131nda baz\u0131 ilgin\u00e7 ve e\u011flenceli ger\u00e7ekler:<\/p>\n\n\n\n<ul class=\"wp-block-list\">\n<li>\u00dclke Kodu: +64<\/li>\n\n\n\n<li>Ba\u015fkent: Wellington<\/li>\n\n\n\n<li>Di\u011fer ana \u015fehirler: Gisborne, Hastings, New Plymouth<\/li>\n\n\n\n<li>N\u00fcfus 5,12 milyon (2022 tahmini)<\/li>\n\n\n\n<li>Dil: \u0130ngilizce Yeni Zelanda\u2019da en yayg\u0131n konu\u015fulan dildir, M\u0101ori ve Yeni Zelanda \u0130\u015faret Dili ise resmi dil olarak yasalar kapsam\u0131nda \u00f6zel stat\u00fcye sahiptir.<\/li>\n\n\n\n<li>Para Birimi: Yeni Zelanda Dolar\u0131 (NZ)<\/li>\n\n\n\n<li>Guinness Rekorlar Kitab\u0131\u2019na g\u00f6re, d\u00fcnyan\u0131n en dik caddesi Yeni Zelanda\u2019n\u0131n G\u00fcney Adas\u0131\u2019nda, 19 derecelik e\u011fimiyle Baldwin Caddesi\u2019nde bulunuyor!<\/li>\n\n\n\n<li>Yeni Zelanda, d\u00fcnyada insanlar\u0131n ya\u015fad\u0131\u011f\u0131 son \u00fclkeydi. \u0130lk insanlar taraf\u0131ndan sadece 800 y\u0131l \u00f6nce isk\u00e2n edilmi\u015ftir ve ilk gelenler Maoriler olmu\u015ftur.<\/li>\n\n\n\n<li>Yeni Zelandal\u0131lara Kiwi de denir. \u2018Kivi\u2019 ad\u0131 Yeni Zelanda\u2019ya \u00f6zg\u00fc u\u00e7amayan k\u00fc\u00e7\u00fck bir ku\u015ftan gelmektedir.<\/li>\n<\/ul>\n\n\n\n<p>Biliyor muydun\u2026?<\/p>\n\n\n\n<ul class=\"wp-block-list\">\n<li>Yeni Zelanda ya da Maori dilinde Aotearoa, hi\u00e7bir Grand Prix\u2019ye ev sahipli\u011fi yapmam\u0131\u015f olsa da \u00e7ok say\u0131da \u00f6nemli pilot yeti\u015ftirmi\u015ftir. Denny Hulme 1967 D\u00fcnya \u015eampiyonu olmu\u015f, Kivi as\u0131ll\u0131 Bruce McLaren ise 1963 y\u0131l\u0131nda McLaren\u2019\u0131 kurmu\u015ftur.<\/li>\n\n\n\n<li>Yeni Zelandal\u0131 Liam Lawson, Red Bull Junior Team\u2019in mevcut s\u00fcr\u00fcc\u00fc geli\u015ftirme program\u0131ndaki en b\u00fcy\u00fck yeteneklerden biri. \u0130lk yar\u0131\u015f\u0131nda yar\u0131\u015ft\u0131\u011f\u0131 her kategoride kazand\u0131: Formula First, Formula Ford, Formula Four, Formula Three Asia ve 2019\u2019da kazand\u0131\u011f\u0131 Toyota Racing Series.<\/li>\n<\/ul>\n","protected":false},"featured_media":15710,"template":"","region":[375],"class_list":["post-16613","roaming","type-roaming","status-publish","has-post-thumbnail","hentry","region-avustralya-okyanusya"],"_links":{"self":[{"href":"http:\/\/esim2.clientinternals.webcase.pl\/tr\/wp-json\/wp\/v2\/roaming\/16613","targetHints":{"allow":["GET"]}}],"collection":[{"href":"http:\/\/esim2.clientinternals.webcase.pl\/tr\/wp-json\/wp\/v2\/roaming"}],"about":[{"href":"http:\/\/esim2.clientinternals.webcase.pl\/tr\/wp-json\/wp\/v2\/types\/roaming"}],"wp:featuredmedia":[{"embeddable":true,"href":"http:\/\/esim2.clientinternals.webcase.pl\/tr\/wp-json\/wp\/v2\/media\/15710"}],"wp:attachment":[{"href":"http:\/\/esim2.clientinternals.webcase.pl\/tr\/wp-json\/wp\/v2\/media?parent=16613"}],"wp:term":[{"taxonomy":"region","embeddable":true,"href":"http:\/\/esim2.clientinternals.webcase.pl\/tr\/wp-json\/wp\/v2\/region?post=16613"}],"curies":[{"name":"wp","href":"https:\/\/api.w.org\/{rel}","templated":true}]}}