{"id":16666,"date":"2024-02-23T18:25:09","date_gmt":"2024-02-23T17:25:09","guid":{"rendered":"http:\/\/esim2.clientinternals.webcase.pl\/?post_type=roaming&#038;p=16666"},"modified":"2024-03-15T10:15:27","modified_gmt":"2024-03-15T09:15:27","slug":"esim-avustralya","status":"publish","type":"roaming","link":"http:\/\/esim2.clientinternals.webcase.pl\/tr\/dolasim\/esim-avustralya\/","title":{"rendered":"Avustralya"},"content":{"rendered":"\n<ul class=\"wp-block-list\">\n<li>\u00dclke Kodu: +61<\/li>\n\n\n\n<li>Ba\u015fkent: Canberra<\/li>\n\n\n\n<li>Para birimi: Avustralya dolar\u0131<\/li>\n\n\n\n<li>Di\u011fer ana \u015fehirler: Sidney, Melbourne, Brisbane, Perth, Adelaide<\/li>\n\n\n\n<li>Resmi ad\u0131: Avustralya Milletler Toplulu\u011fu<\/li>\n\n\n\n<li>H\u00fck\u00fcmet: Parlamenter demokrasi<\/li>\n\n\n\n<li>H\u00fck\u00fcmet web sitesi: www.australia.gov.au<\/li>\n\n\n\n<li>Devlet Ba\u015fkan\u0131: Avustralya Kral\u0131, Majesteleri Kral Charles III. Avustralya Anayasas\u0131 uyar\u0131nca, y\u00fcr\u00fctme yetkisi Kral\u2019\u0131n temsilcisi olarak Genel Vali taraf\u0131ndan kullan\u0131l\u0131r.<\/li>\n\n\n\n<li>H\u00fck\u00fcmet ba\u015fkan\u0131: Ba\u015fbakan Anthony Albanese 2022\u2019den beri<\/li>\n\n\n\n<li>N\u00fcfus: 25,9 milyon (2022 tahmini)<\/li>\n\n\n\n<li>Dil: Avustralya\u2019n\u0131n resmi bir dili yoktur. Ana dil \u0130ngilizce olmakla birlikte 100\u2019den fazla yerli Avustralya dili de konu\u015fulmaktad\u0131r.<\/li>\n\n\n\n<li>Ana ticaret ortaklar\u0131: \u00c7in, Japonya, ABD, G\u00fcney Kore<\/li>\n<\/ul>\n\n\n\n<p>Biliyor muydun\u2026?<\/p>\n\n\n\n<ul class=\"wp-block-list\">\n<li>Melbourne Grand Prix Pisti\u2019nde (Albert Park) d\u00fczenlenen Avustralya Grand Prix\u2019si, 1985-1995 y\u0131llar\u0131 aras\u0131nda yar\u0131\u015fa ev sahipli\u011fi yapan Adelaide\u2019den 1996 y\u0131l\u0131nda devral\u0131nd\u0131. Ge\u00e7ici pist yar\u0131\u015ftan yakla\u015f\u0131k alt\u0131 hafta \u00f6nce monte edilmekte ve yar\u0131\u015ftan d\u00f6rt hafta sonra tekrar s\u00f6k\u00fclmektedir.<\/li>\n\n\n\n<li>Son y\u0131llarda, Melbourne\u2019de hafta sonu boyunca tipik bir kat\u0131l\u0131m yakla\u015f\u0131k 300.000 seyirci olmu\u015ftur ve yar\u0131\u015f g\u00fcn\u00fc 100.000\u2019i a\u015fan bir kalabal\u0131kla mevcut F1 takvimindeki en iyi kat\u0131l\u0131ml\u0131 yar\u0131\u015flardan biri haline gelmi\u015ftir. 2022 y\u0131l\u0131nda, COVID salg\u0131n\u0131 nedeniyle iki y\u0131ll\u0131k zorunlu bir aradan sonra F1\u2019in Albert Park\u2019a d\u00f6n\u00fc\u015f\u00fcnde, kat\u0131l\u0131m rakam\u0131 400.000\u2019i a\u015ft\u0131. 1996\u2019dan bu yana en y\u00fcksek kat\u0131l\u0131ml\u0131 Avustralya Grand Prix\u2019si oldu.<\/li>\n<\/ul>\n","protected":false},"featured_media":16667,"template":"","region":[375],"class_list":["post-16666","roaming","type-roaming","status-publish","has-post-thumbnail","hentry","region-avustralya-okyanusya"],"_links":{"self":[{"href":"http:\/\/esim2.clientinternals.webcase.pl\/tr\/wp-json\/wp\/v2\/roaming\/16666","targetHints":{"allow":["GET"]}}],"collection":[{"href":"http:\/\/esim2.clientinternals.webcase.pl\/tr\/wp-json\/wp\/v2\/roaming"}],"about":[{"href":"http:\/\/esim2.clientinternals.webcase.pl\/tr\/wp-json\/wp\/v2\/types\/roaming"}],"wp:featuredmedia":[{"embeddable":true,"href":"http:\/\/esim2.clientinternals.webcase.pl\/tr\/wp-json\/wp\/v2\/media\/16667"}],"wp:attachment":[{"href":"http:\/\/esim2.clientinternals.webcase.pl\/tr\/wp-json\/wp\/v2\/media?parent=16666"}],"wp:term":[{"taxonomy":"region","embeddable":true,"href":"http:\/\/esim2.clientinternals.webcase.pl\/tr\/wp-json\/wp\/v2\/region?post=16666"}],"curies":[{"name":"wp","href":"https:\/\/api.w.org\/{rel}","templated":true}]}}