{"id":16880,"date":"2024-02-23T19:44:32","date_gmt":"2024-02-23T18:44:32","guid":{"rendered":"http:\/\/esim2.clientinternals.webcase.pl\/?post_type=roaming&#038;p=16880"},"modified":"2024-03-17T20:35:07","modified_gmt":"2024-03-17T19:35:07","slug":"esim-karadag","status":"publish","type":"roaming","link":"http:\/\/esim2.clientinternals.webcase.pl\/tr\/dolasim\/esim-karadag\/","title":{"rendered":"Karada\u011f"},"content":{"rendered":"\n<p>\u0130\u015fte Karada\u011f hakk\u0131nda baz\u0131 ilgin\u00e7 ger\u00e7ekler:<\/p>\n\n\n\n<ul class=\"wp-block-list\">\n<li>\u00dclke Kodu: +382<\/li>\n\n\n\n<li>Ba\u015fkent: Podgorica<\/li>\n\n\n\n<li>Di\u011fer ana \u015fehirler: Niksic, Tivat, Rozaje<\/li>\n\n\n\n<li>N\u00fcfus 619,211 (2021 tahmini)<\/li>\n\n\n\n<li>Dil Karada\u011fca<\/li>\n\n\n\n<li>Para birimi: Euro<\/li>\n\n\n\n<li>Resmi dil Karada\u011fcad\u0131r, ancak S\u0131rp\u00e7a, H\u0131rvat\u00e7a, Bo\u015fnak\u00e7a ve Arnavut\u00e7a da resmi kullan\u0131m dilleri olarak kabul edilmektedir.<\/li>\n\n\n\n<li>\u00dclke 4 iklim b\u00f6lgesinde yer almaktad\u0131r.<\/li>\n\n\n\n<li>Kuzeyde S\u0131rbistan, g\u00fcneydo\u011fuda Kosova ve Arnavutluk, g\u00fcneyde Adriyatik Denizi ve di\u011fer tarafta \u0130talya, bat\u0131da ise H\u0131rvatistan ve Bosna Hersek ile kom\u015fudur.<\/li>\n\n\n\n<li>Karada\u011f 1991 y\u0131l\u0131nda d\u00fcnyan\u0131n ilk ekolojik devleti olmu\u015ftur.<\/li>\n<\/ul>\n\n\n\n<p>Biliyor muydun\u2026?<\/p>\n\n\n\n<ul class=\"wp-block-list\">\n<li>Tara Kanyonu 1.300 metre ile Avrupa\u2019n\u0131n en derin kanyonudur.<\/li>\n\n\n\n<li>Kotor K\u00f6rfezi d\u00fcnyan\u0131n en g\u00fcneyindeki fiyorttur.<\/li>\n<\/ul>\n","protected":false},"featured_media":15317,"template":"","region":[377],"class_list":["post-16880","roaming","type-roaming","status-publish","has-post-thumbnail","hentry","region-avrupa"],"_links":{"self":[{"href":"http:\/\/esim2.clientinternals.webcase.pl\/tr\/wp-json\/wp\/v2\/roaming\/16880","targetHints":{"allow":["GET"]}}],"collection":[{"href":"http:\/\/esim2.clientinternals.webcase.pl\/tr\/wp-json\/wp\/v2\/roaming"}],"about":[{"href":"http:\/\/esim2.clientinternals.webcase.pl\/tr\/wp-json\/wp\/v2\/types\/roaming"}],"wp:featuredmedia":[{"embeddable":true,"href":"http:\/\/esim2.clientinternals.webcase.pl\/tr\/wp-json\/wp\/v2\/media\/15317"}],"wp:attachment":[{"href":"http:\/\/esim2.clientinternals.webcase.pl\/tr\/wp-json\/wp\/v2\/media?parent=16880"}],"wp:term":[{"taxonomy":"region","embeddable":true,"href":"http:\/\/esim2.clientinternals.webcase.pl\/tr\/wp-json\/wp\/v2\/region?post=16880"}],"curies":[{"name":"wp","href":"https:\/\/api.w.org\/{rel}","templated":true}]}}