{"id":16953,"date":"2024-02-23T19:39:56","date_gmt":"2024-02-23T18:39:56","guid":{"rendered":"http:\/\/esim2.clientinternals.webcase.pl\/?post_type=roaming&#038;p=16953"},"modified":"2024-03-17T08:00:55","modified_gmt":"2024-03-17T07:00:55","slug":"esim-almanya","status":"publish","type":"roaming","link":"http:\/\/esim2.clientinternals.webcase.pl\/tr\/dolasim\/esim-almanya\/","title":{"rendered":"Almanya"},"content":{"rendered":"\n<p>\u0130\u015fte Almanya hakk\u0131nda baz\u0131 ilgin\u00e7 ve e\u011flenceli bilgiler<\/p>\n\n\n\n<ul class=\"wp-block-list\">\n<li>\u00dclke Kodu: +49<\/li>\n\n\n\n<li>Ba\u015fkent: Berlin<\/li>\n\n\n\n<li>Di\u011fer ana \u015fehirler: Frankfurt, M\u00fcnih, K\u00f6ln<\/li>\n\n\n\n<li>N\u00fcfus: 84,3 milyon (2022 tahmini)<\/li>\n\n\n\n<li>Dil Almanca<\/li>\n\n\n\n<li>Para birimi: Euro<\/li>\n\n\n\n<li>Almanya d\u00fcnyan\u0131n en b\u00fcy\u00fck otomobil \u00fcreticilerinden biri ve Avrupa\u2019n\u0131n da en b\u00fcy\u00fc\u011f\u00fcd\u00fcr.<\/li>\n\n\n\n<li>Almanya on alt\u0131 eyaletten olu\u015fmaktad\u0131r. Eyaletlerin kendi anayasalar\u0131 vard\u0131r ve i\u00e7 \u00f6rg\u00fctlenmeleri bak\u0131m\u0131ndan b\u00fcy\u00fck \u00f6l\u00e7\u00fcde \u00f6zerktirler.<\/li>\n\n\n\n<li>Almanya dokuz \u00fclkeyle daha s\u0131n\u0131r payla\u015f\u0131yor: Danimarka, Polonya, \u00c7ek Cumhuriyeti, Avusturya, \u0130svi\u00e7re, Fransa, Bel\u00e7ika, L\u00fcksemburg ve Hollanda.<\/li>\n<\/ul>\n\n\n\n<p>Biliyor muydun\u2026?<\/p>\n\n\n\n<ul class=\"wp-block-list\">\n<li>Sebastian Vettel 2009\u2019dan 2014\u2019e kadar Red Bull Racing\u2019e kat\u0131ld\u0131. \u0130lk \u015fampiyonlu\u011funu 23 ya\u015f\u0131nda kazand\u0131. En gen\u00e7 \u00e7ifte d\u00fcnya \u015fampiyonu olmak i\u00e7in 2011\u2019i tamamen domine etti. 2012\u2019de \u00fcst \u00fcste \u00fc\u00e7\u00fcnc\u00fc s\u00fcr\u00fc\u015f \u015fampiyonlu\u011fu zor kazan\u0131lm\u0131\u015f ve hak edilmi\u015fti. 2013 y\u0131l\u0131nda, 26 ya\u015f\u0131nda en gen\u00e7 d\u00f6rtl\u00fc d\u00fcnya \u015fampiyonu oldu.<\/li>\n\n\n\n<li>Formula 1 D\u00fcnya \u015eampiyonas\u0131 tarihinin neredeyse k\u0131rk be\u015finci y\u0131l\u0131nda, 1994 y\u0131l\u0131na kadar bir Alman s\u00fcr\u00fcc\u00fc motor sporlar\u0131ndaki en b\u00fcy\u00fck \u00f6d\u00fcl\u00fc kazanamam\u0131\u015ft\u0131.<\/li>\n\n\n\n<li>O zamandan bu yana \u00fc\u00e7 Alman pilot 12 \u015fampiyonluk kazand\u0131 ve yedi Alman da yar\u0131\u015f kazand\u0131.<\/li>\n<\/ul>\n","protected":false},"featured_media":16249,"template":"","region":[377],"class_list":["post-16953","roaming","type-roaming","status-publish","has-post-thumbnail","hentry","region-avrupa"],"_links":{"self":[{"href":"http:\/\/esim2.clientinternals.webcase.pl\/tr\/wp-json\/wp\/v2\/roaming\/16953","targetHints":{"allow":["GET"]}}],"collection":[{"href":"http:\/\/esim2.clientinternals.webcase.pl\/tr\/wp-json\/wp\/v2\/roaming"}],"about":[{"href":"http:\/\/esim2.clientinternals.webcase.pl\/tr\/wp-json\/wp\/v2\/types\/roaming"}],"wp:featuredmedia":[{"embeddable":true,"href":"http:\/\/esim2.clientinternals.webcase.pl\/tr\/wp-json\/wp\/v2\/media\/16249"}],"wp:attachment":[{"href":"http:\/\/esim2.clientinternals.webcase.pl\/tr\/wp-json\/wp\/v2\/media?parent=16953"}],"wp:term":[{"taxonomy":"region","embeddable":true,"href":"http:\/\/esim2.clientinternals.webcase.pl\/tr\/wp-json\/wp\/v2\/region?post=16953"}],"curies":[{"name":"wp","href":"https:\/\/api.w.org\/{rel}","templated":true}]}}