{"id":16964,"date":"2024-02-23T19:39:19","date_gmt":"2024-02-23T18:39:19","guid":{"rendered":"http:\/\/esim2.clientinternals.webcase.pl\/?post_type=roaming&#038;p=16964"},"modified":"2024-03-17T07:51:13","modified_gmt":"2024-03-17T06:51:13","slug":"esim-fransa","status":"publish","type":"roaming","link":"http:\/\/esim2.clientinternals.webcase.pl\/tr\/dolasim\/esim-fransa\/","title":{"rendered":"Fransa"},"content":{"rendered":"\n<p>\u0130\u015fte Fransa hakk\u0131nda baz\u0131 ilgin\u00e7 ve e\u011flenceli ger\u00e7ekler<\/p>\n\n\n\n<ul class=\"wp-block-list\">\n<li>\u00dclke Kodu: +33<\/li>\n\n\n\n<li>Ba\u015fkent: Paris<\/li>\n\n\n\n<li>Di\u011fer ana \u015fehirler: Marsilya, Lyon, Toulouse<\/li>\n\n\n\n<li>N\u00fcfus 67,9 milyon (2022 tahmini)<\/li>\n\n\n\n<li>Dil: Frans\u0131zca<\/li>\n\n\n\n<li>Para birimi: Euro<\/li>\n\n\n\n<li>Fransa, Bat\u0131 Avrupa\u2019n\u0131n en b\u00fcy\u00fck \u00fclkesi ve d\u00fcnyan\u0131n en \u00e7ok ziyaret edilen \u00fclkelerinden biridir.<\/li>\n\n\n\n<li>2016 y\u0131l\u0131nda Fransa, g\u0131da israf\u0131yla m\u00fccadeleye ili\u015fkin bir yasa kabul ederek s\u00fcpermarketlerin sat\u0131lmayan g\u0131da \u00fcr\u00fcnlerini imha etmesini yasaklad\u0131 ve bunun yerine ba\u011f\u0131\u015fta bulunmalar\u0131n\u0131 zorunlu k\u0131ld\u0131.<\/li>\n\n\n\n<li>Frans\u0131zca resmi dildir; ancak dilbilimciler Fransa\u2019da yakla\u015f\u0131k 75 b\u00f6lgesel dil oldu\u011funu tahmin etmektedir!<\/li>\n\n\n\n<li>D\u00fcnyadaki ilk y\u00fcz ve kalp nakli Fransa\u2019da ger\u00e7ekle\u015fti. Frans\u0131z cerrahlar ilk y\u00fcz naklini 2005 y\u0131l\u0131nda, ilk kalp naklini ise 2013 y\u0131l\u0131nda Paris Georges Pompidou Hastanesi\u2019nde ger\u00e7ekle\u015ftirdi.<\/li>\n<\/ul>\n\n\n\n<p>Biliyor muydun\u2026?<\/p>\n\n\n\n<ul class=\"wp-block-list\">\n<li>Red Bull, ilk kutu Red Bull\u2019un 1987 y\u0131l\u0131nda Avusturya\u2019da sat\u0131lmas\u0131ndan 20 y\u0131ldan fazla bir s\u00fcre sonra, 2008 y\u0131l\u0131nda Fransa\u2019da piyasaya s\u00fcr\u00fclm\u00fc\u015ft\u00fcr. Bug\u00fcn Red Bull 172\u2019den fazla \u00fclkede faaliyet g\u00f6stermekte, y\u0131lda 9,8 milyar kutudan fazla satmakta ve b\u00fcy\u00fcmektedir!<\/li>\n\n\n\n<li>Fransa Grand Prix\u2019si, F\u00e9d\u00e9ration Internationale de l\u2019Automobile\u2019in her y\u0131l d\u00fczenledi\u011fi Formula 1 D\u00fcnya \u015eampiyonas\u0131\u2019n\u0131n bir par\u00e7as\u0131 olarak d\u00fczenlenen bir otomobil yar\u0131\u015f\u0131d\u0131r. \u0130lk \u201cGrand Prix\u201d olmas\u0131n\u0131n yan\u0131 s\u0131ra d\u00fcnyan\u0131n en eski motor yar\u0131\u015flar\u0131ndan biridir.<\/li>\n\n\n\n<li>Burada d\u00fczenlenen son yar\u0131\u015f 2022\u2019deydi.<\/li>\n<\/ul>\n","protected":false},"featured_media":16249,"template":"","region":[377],"class_list":["post-16964","roaming","type-roaming","status-publish","has-post-thumbnail","hentry","region-avrupa"],"_links":{"self":[{"href":"http:\/\/esim2.clientinternals.webcase.pl\/tr\/wp-json\/wp\/v2\/roaming\/16964","targetHints":{"allow":["GET"]}}],"collection":[{"href":"http:\/\/esim2.clientinternals.webcase.pl\/tr\/wp-json\/wp\/v2\/roaming"}],"about":[{"href":"http:\/\/esim2.clientinternals.webcase.pl\/tr\/wp-json\/wp\/v2\/types\/roaming"}],"wp:featuredmedia":[{"embeddable":true,"href":"http:\/\/esim2.clientinternals.webcase.pl\/tr\/wp-json\/wp\/v2\/media\/16249"}],"wp:attachment":[{"href":"http:\/\/esim2.clientinternals.webcase.pl\/tr\/wp-json\/wp\/v2\/media?parent=16964"}],"wp:term":[{"taxonomy":"region","embeddable":true,"href":"http:\/\/esim2.clientinternals.webcase.pl\/tr\/wp-json\/wp\/v2\/region?post=16964"}],"curies":[{"name":"wp","href":"https:\/\/api.w.org\/{rel}","templated":true}]}}