{"id":17030,"date":"2024-02-23T19:34:19","date_gmt":"2024-02-23T18:34:19","guid":{"rendered":"http:\/\/esim2.clientinternals.webcase.pl\/?post_type=roaming&#038;p=17030"},"modified":"2024-03-17T22:20:45","modified_gmt":"2024-03-17T21:20:45","slug":"esim-ispanya","status":"publish","type":"roaming","link":"http:\/\/esim2.clientinternals.webcase.pl\/tr\/dolasim\/esim-ispanya\/","title":{"rendered":"\u0130spanya"},"content":{"rendered":"\n<p>\u0130\u015fte \u0130spanya hakk\u0131nda baz\u0131 ilgin\u00e7 ve e\u011flenceli ger\u00e7ekler:<\/p>\n\n\n\n<ul class=\"wp-block-list\">\n<li>\u00dclke Kodu: +34<\/li>\n\n\n\n<li>Ba\u015fkent: Madrid<\/li>\n\n\n\n<li>Di\u011fer ana \u015fehirler: Sevilla, Cordoba, Bilbao<\/li>\n\n\n\n<li>N\u00fcfus 47,6 milyon (2022 tahmini)<\/li>\n\n\n\n<li>Dil: \u0130spanyolca<\/li>\n\n\n\n<li>Para birimi: Euro<\/li>\n\n\n\n<li>\u0130spanya\u2019n\u0131n bir Afrika \u00fclkesi olan Fas ile deniz de\u011fil kara s\u0131n\u0131r\u0131 vard\u0131r. \u0130spanya, Afrika k\u0131tas\u0131nda Ceuta ad\u0131nda k\u00fc\u00e7\u00fck bir ileri karakol bulundurmaktad\u0131r.<\/li>\n\n\n\n<li>\u0130spanya d\u00fcnyan\u0131n ilk k\u00fcresel imparatorlu\u011fuydu ve bir s\u00fcre i\u00e7in d\u00fcnyan\u0131n en g\u00fc\u00e7l\u00fc \u00fclkesiydi.<\/li>\n\n\n\n<li>\u0130spanyolca, Mandarin \u00c7incesinden sonra d\u00fcnyada en \u00e7ok konu\u015fulan ikinci dildir.<\/li>\n\n\n\n<li>\u0130spanya d\u00fcnyan\u0131n en b\u00fcy\u00fck zeytinya\u011f\u0131 \u00fcreticisidir. \u0130spanya\u2019n\u0131n ideal iklimi ve konumunun birle\u015fimi, onu zeytin yeti\u015ftirmek i\u00e7in en iyi \u00fclke yapmaktad\u0131r.<\/li>\n<\/ul>\n\n\n\n<p>Biliyor muydun\u2026?<\/p>\n\n\n\n<ul class=\"wp-block-list\">\n<li>Red Bull, ilk kutu Red Bull\u2019un 1987 y\u0131l\u0131nda Avusturya\u2019da sat\u0131lmas\u0131ndan yakla\u015f\u0131k 20 y\u0131l sonra, 2006 y\u0131l\u0131nda \u0130spanya pazar\u0131na girmi\u015ftir. Bug\u00fcn Red Bull 172\u2019den fazla \u00fclkede faaliyet g\u00f6stermekte, y\u0131lda 9,8 milyar kutudan fazla satmakta ve b\u00fcy\u00fcmektedir!<\/li>\n\n\n\n<li>\u0130spanya Grand Prix\u2019si \u015fu anda Circuit de Barcelona-Catalunya\u2019da d\u00fczenlenmektedir. Yar\u0131\u015f, 2013 y\u0131l\u0131nda y\u00fcz\u00fcnc\u00fc y\u0131l\u0131n\u0131 kutlayan ve halen d\u00fcnyan\u0131n en eski yar\u0131\u015flar\u0131ndan biridir.<\/li>\n\n\n\n<li>Red Bull Racing \u0130spanya Grand Prix\u2019sini 2010, 2011, 2016 ve 2022 y\u0131llar\u0131nda kazand\u0131.<\/li>\n<\/ul>\n","protected":false},"featured_media":15317,"template":"","region":[377],"class_list":["post-17030","roaming","type-roaming","status-publish","has-post-thumbnail","hentry","region-avrupa"],"_links":{"self":[{"href":"http:\/\/esim2.clientinternals.webcase.pl\/tr\/wp-json\/wp\/v2\/roaming\/17030","targetHints":{"allow":["GET"]}}],"collection":[{"href":"http:\/\/esim2.clientinternals.webcase.pl\/tr\/wp-json\/wp\/v2\/roaming"}],"about":[{"href":"http:\/\/esim2.clientinternals.webcase.pl\/tr\/wp-json\/wp\/v2\/types\/roaming"}],"wp:featuredmedia":[{"embeddable":true,"href":"http:\/\/esim2.clientinternals.webcase.pl\/tr\/wp-json\/wp\/v2\/media\/15317"}],"wp:attachment":[{"href":"http:\/\/esim2.clientinternals.webcase.pl\/tr\/wp-json\/wp\/v2\/media?parent=17030"}],"wp:term":[{"taxonomy":"region","embeddable":true,"href":"http:\/\/esim2.clientinternals.webcase.pl\/tr\/wp-json\/wp\/v2\/region?post=17030"}],"curies":[{"name":"wp","href":"https:\/\/api.w.org\/{rel}","templated":true}]}}