{"id":17063,"date":"2024-02-23T19:31:54","date_gmt":"2024-02-23T18:31:54","guid":{"rendered":"http:\/\/esim2.clientinternals.webcase.pl\/?post_type=roaming&#038;p=17063"},"modified":"2024-03-17T21:23:23","modified_gmt":"2024-03-17T20:23:23","slug":"esim-portekiz","status":"publish","type":"roaming","link":"http:\/\/esim2.clientinternals.webcase.pl\/tr\/dolasim\/esim-portekiz\/","title":{"rendered":"Portekiz"},"content":{"rendered":"\n<p>\u0130\u015fte Portekiz hakk\u0131nda baz\u0131 ilgin\u00e7 ger\u00e7ekler:<\/p>\n\n\n\n<ul class=\"wp-block-list\">\n<li>\u00dclke Kodu: +351<\/li>\n\n\n\n<li>Ba\u015fkent: Lizbon<\/li>\n\n\n\n<li>Para birimi: Euro<\/li>\n\n\n\n<li>Di\u011fer ana \u015fehirler: Porto, Braga, Sintra, Aveiro<\/li>\n\n\n\n<li>N\u00fcfus 10,12 milyon (2023 tahmini)<\/li>\n\n\n\n<li>Dil Portekizce<\/li>\n\n\n\n<li>D\u00fcnyan\u0131n halen faaliyette olan en eski kitap\u00e7\u0131s\u0131 1732 y\u0131l\u0131nda Chiado\u2019da kurulmu\u015ftur. 250 y\u0131l\u0131 a\u015fk\u0131n bir ge\u00e7mi\u015fe sahip olan kitap\u00e7\u0131, Peter Faure taraf\u0131ndan k\u00fc\u00e7\u00fck bir d\u00fckk\u00e2n olarak a\u00e7\u0131lm\u0131\u015f ve on y\u0131llar boyunca Portekizli entelekt\u00fcellerin bulu\u015fma noktas\u0131 olmu\u015ftur.<\/li>\n\n\n\n<li>Portekiz, Avrupa\u2019n\u0131n en eski \u00fclkelerinden biridir. Portekiz ulusunun s\u0131n\u0131rlar\u0131 1139 y\u0131l\u0131nda belirlenmi\u015ftir ve bu da onu sadece d\u00fcnyan\u0131n de\u011fil, tart\u0131\u015fmas\u0131z t\u00fcm Avrupa\u2019n\u0131n en eski uluslar\u0131ndan biri haline getirmi\u015ftir. E\u011flenceli bilgi: Lizbon asl\u0131nda Roma\u2019dan d\u00f6rt as\u0131r daha eskidir.<\/li>\n\n\n\n<li>Portekiz d\u00fcnyan\u0131n en iyi s\u00f6rf noktalar\u0131ndan biridir. \u00dclkenin 800 kilometrelik bir k\u0131y\u0131 \u015feridi vard\u0131r ve 364 g\u00fcn s\u00f6rf yap\u0131labilece\u011fi s\u00f6ylenmektedir.<\/li>\n<\/ul>\n\n\n\n<p>Biliyor muydun\u2026?<\/p>\n\n\n\n<ul class=\"wp-block-list\">\n<li>Portekizce \u015fu anda d\u00fcnyada en \u00e7ok konu\u015fulan be\u015finci dildir ve Portekiz, Brezilya, Angola, Cabo Verde, Gine-Bissau, Mozambik, S\u00e3o Tom\u00e9 ve Pr\u00edncipe ve Do\u011fu Timor\u2019un resmi dilidir. Ayr\u0131ca 1999 y\u0131l\u0131na kadar Portekiz y\u00f6netimi alt\u0131nda olan Makao\u2019da ve Goa\u2019da da konu\u015fulmaktad\u0131r.<\/li>\n\n\n\n<li>Tuzlu morina ve \u0131zgara sardalya ulusal yemekleridir, Algarve\u2019nin plajlar\u0131 \u00f6nemli bir destinasyondur ve \u00fclkenin mimarisinin \u00e7o\u011fu Portekiz\u2019in g\u00fc\u00e7l\u00fc bir deniz imparatorlu\u011funa sahip oldu\u011fu 1500-1800\u2019l\u00fc y\u0131llardan kalmad\u0131r.<\/li>\n<\/ul>\n","protected":false},"featured_media":15710,"template":"","region":[377],"class_list":["post-17063","roaming","type-roaming","status-publish","has-post-thumbnail","hentry","region-avrupa"],"_links":{"self":[{"href":"http:\/\/esim2.clientinternals.webcase.pl\/tr\/wp-json\/wp\/v2\/roaming\/17063","targetHints":{"allow":["GET"]}}],"collection":[{"href":"http:\/\/esim2.clientinternals.webcase.pl\/tr\/wp-json\/wp\/v2\/roaming"}],"about":[{"href":"http:\/\/esim2.clientinternals.webcase.pl\/tr\/wp-json\/wp\/v2\/types\/roaming"}],"wp:featuredmedia":[{"embeddable":true,"href":"http:\/\/esim2.clientinternals.webcase.pl\/tr\/wp-json\/wp\/v2\/media\/15710"}],"wp:attachment":[{"href":"http:\/\/esim2.clientinternals.webcase.pl\/tr\/wp-json\/wp\/v2\/media?parent=17063"}],"wp:term":[{"taxonomy":"region","embeddable":true,"href":"http:\/\/esim2.clientinternals.webcase.pl\/tr\/wp-json\/wp\/v2\/region?post=17063"}],"curies":[{"name":"wp","href":"https:\/\/api.w.org\/{rel}","templated":true}]}}