{"id":17086,"date":"2024-02-23T19:29:57","date_gmt":"2024-02-23T18:29:57","guid":{"rendered":"http:\/\/esim2.clientinternals.webcase.pl\/?post_type=roaming&#038;p=17086"},"modified":"2024-03-17T20:46:10","modified_gmt":"2024-03-17T19:46:10","slug":"esim-netherlands","status":"publish","type":"roaming","link":"http:\/\/esim2.clientinternals.webcase.pl\/tr\/dolasim\/esim-netherlands\/","title":{"rendered":"Hollanda"},"content":{"rendered":"\n<p>\u0130\u015fte Hollanda hakk\u0131nda baz\u0131 ilgin\u00e7 ve e\u011flenceli ger\u00e7ekler:<\/p>\n\n\n\n<ul class=\"wp-block-list\">\n<li>\u00dclke Kodu: +31<\/li>\n\n\n\n<li>Ba\u015fkent: Amsterdam<\/li>\n\n\n\n<li>Di\u011fer ana \u015fehirler: Lahey, Rotterdam, Gouda, Einghoven<\/li>\n\n\n\n<li>N\u00fcfus 17,95 milyon (2022 tahmini)<\/li>\n\n\n\n<li>Dil Hollanda\u2019n\u0131n resmi dili Hollandaca\u2019d\u0131r; ancak \u00fclke Avrupa\u2019n\u0131n e\u015fsiz bir kav\u015fa\u011f\u0131nda yer almaktad\u0131r, \u00f6yle ki Frans\u0131zca, \u0130ngilizce ve Almanca da olduk\u00e7a yayg\u0131n olarak duyulmaktad\u0131r. Bunun da \u00f6tesinde, duyabilece\u011finiz d\u00fczinelerce leh\u00e7e vard\u0131r.<\/li>\n\n\n\n<li>Para birimi: Euro<\/li>\n\n\n\n<li>D\u00fcnyan\u0131n en uzun adamlar\u0131 Hollanda\u2019da ya\u015f\u0131yor.<\/li>\n\n\n\n<li>Hollanda, d\u00fcnyadaki toplam lale \u00e7iftli\u011fi alan\u0131n\u0131n yakla\u015f\u0131k %90\u2019\u0131n\u0131 (yakla\u015f\u0131k 11.000 hektar) olu\u015fturmakta ve y\u0131lda 4,3 milyar lale so\u011fan\u0131 \u00fcretmektedir.<\/li>\n<\/ul>\n\n\n\n<p>Biliyor muydun\u2026?<\/p>\n\n\n\n<ul class=\"wp-block-list\">\n<li>Kuzey Hollanda\u2019daki Zandvoort Pisti\u2019nde 1950\u2019den 1985\u2019e ve 2021\u2019den itibaren tekrar d\u00fczenlenen Hollanda Grand Prix\u2019si, yeni bir anla\u015fmaya var\u0131lmas\u0131n\u0131n ard\u0131ndan 2025 y\u0131l\u0131na kadar Formula 1 takviminin bir par\u00e7as\u0131 olmaya devam edecek.<\/li>\n\n\n\n<li>Max Verstappen, 2021 y\u0131l\u0131nda Red Bull Racing ile Formula 1 D\u00fcnya \u015eampiyonlu\u011funu kazanan ilk Hollandal\u0131 pilot ve 34. Formula 1 D\u00fcnya S\u00fcr\u00fcc\u00fcler \u015eampiyonu oldu. \u00dcst \u00fcste ikinci Formula 1 \u015fampiyonlu\u011funu 2022\u2019de kazand\u0131.<\/li>\n<\/ul>\n","protected":false},"featured_media":15710,"template":"","region":[377],"class_list":["post-17086","roaming","type-roaming","status-publish","has-post-thumbnail","hentry","region-avrupa"],"_links":{"self":[{"href":"http:\/\/esim2.clientinternals.webcase.pl\/tr\/wp-json\/wp\/v2\/roaming\/17086","targetHints":{"allow":["GET"]}}],"collection":[{"href":"http:\/\/esim2.clientinternals.webcase.pl\/tr\/wp-json\/wp\/v2\/roaming"}],"about":[{"href":"http:\/\/esim2.clientinternals.webcase.pl\/tr\/wp-json\/wp\/v2\/types\/roaming"}],"wp:featuredmedia":[{"embeddable":true,"href":"http:\/\/esim2.clientinternals.webcase.pl\/tr\/wp-json\/wp\/v2\/media\/15710"}],"wp:attachment":[{"href":"http:\/\/esim2.clientinternals.webcase.pl\/tr\/wp-json\/wp\/v2\/media?parent=17086"}],"wp:term":[{"taxonomy":"region","embeddable":true,"href":"http:\/\/esim2.clientinternals.webcase.pl\/tr\/wp-json\/wp\/v2\/region?post=17086"}],"curies":[{"name":"wp","href":"https:\/\/api.w.org\/{rel}","templated":true}]}}