{"id":17100,"date":"2024-02-23T19:29:10","date_gmt":"2024-02-23T18:29:10","guid":{"rendered":"http:\/\/esim2.clientinternals.webcase.pl\/?post_type=roaming&#038;p=17100"},"modified":"2024-03-17T18:19:47","modified_gmt":"2024-03-17T17:19:47","slug":"esim-moldova","status":"publish","type":"roaming","link":"http:\/\/esim2.clientinternals.webcase.pl\/tr\/dolasim\/esim-moldova\/","title":{"rendered":"Moldova"},"content":{"rendered":"\n<p>\u0130\u015fte Moldova hakk\u0131nda baz\u0131 ilgin\u00e7 ger\u00e7ekler:<\/p>\n\n\n\n<ul class=\"wp-block-list\">\n<li>\u00dclke Kodu: +373<\/li>\n\n\n\n<li>Ba\u015fkent: Ki\u015finev<\/li>\n\n\n\n<li>Di\u011fer ana \u015fehirler: Ungheni, Ialoveni, Dondu\u0219eni<\/li>\n\n\n\n<li>N\u00fcfus: 2,61 milyon (2021 tahmini)<\/li>\n\n\n\n<li>Dil Romence<\/li>\n\n\n\n<li>Para Birimi: Moldova Leu\u2019su<\/li>\n\n\n\n<li>Ki\u015finev, Do\u011fu Avrupa \u00fclkesi Moldova Cumhuriyeti\u2019nin ba\u015fkenti ve en b\u00fcy\u00fck \u015fehridir.<\/li>\n\n\n\n<li>Ormanlar, kayal\u0131k tepeler ve \u00fcz\u00fcm ba\u011flar\u0131n\u0131 i\u00e7eren \u00e7e\u015fitli bir araziye sahiptir. \u015earap b\u00f6lgeleri aras\u0131nda k\u0131rm\u0131z\u0131 \u015faraplar\u0131yla bilinen Nistreana ve d\u00fcnyan\u0131n en b\u00fcy\u00fck mahzenlerinden baz\u0131lar\u0131na ev sahipli\u011fi yapan Codru yer almaktad\u0131r.<\/li>\n\n\n\n<li>Romence ana dildir, ancak Moldoval\u0131lar\u0131n \u00e7o\u011fu Rus\u00e7a ve bir T\u00fcrk dili olan Gagavuzca konu\u015fmaktad\u0131r.<\/li>\n\n\n\n<li>Ulusal yemek, M\u0103m\u0103lig\u0103 ad\u0131 verilen ve sar\u0131 m\u0131s\u0131r unundan yap\u0131lan, geleneksel olarak sulu yahniler ve et yemeklerinin yan\u0131nda servis edilen ve \u00fczerine s\u00fczme peynir, ek\u015fi krema ve domuz \u00e7atla\u011f\u0131 eklenen yulaf lapas\u0131d\u0131r.<\/li>\n<\/ul>\n\n\n\n<p>Biliyor muydun\u2026?<\/p>\n\n\n\n<ul class=\"wp-block-list\">\n<li>Moldova, siyasi \u00e7\u0131kmaz nedeniyle 2009-2012 y\u0131llar\u0131 aras\u0131nda cumhurba\u015fkan\u0131ndan yoksun kald\u0131.<\/li>\n\n\n\n<li>Moldova\u2019n\u0131n ulusal hayvan\u0131, art\u0131k nesli t\u00fckenmi\u015f olan dev bir inek olan yaban \u00f6k\u00fcz\u00fcd\u00fcr.<\/li>\n<\/ul>\n","protected":false},"featured_media":15710,"template":"","region":[377],"class_list":["post-17100","roaming","type-roaming","status-publish","has-post-thumbnail","hentry","region-avrupa"],"_links":{"self":[{"href":"http:\/\/esim2.clientinternals.webcase.pl\/tr\/wp-json\/wp\/v2\/roaming\/17100","targetHints":{"allow":["GET"]}}],"collection":[{"href":"http:\/\/esim2.clientinternals.webcase.pl\/tr\/wp-json\/wp\/v2\/roaming"}],"about":[{"href":"http:\/\/esim2.clientinternals.webcase.pl\/tr\/wp-json\/wp\/v2\/types\/roaming"}],"wp:featuredmedia":[{"embeddable":true,"href":"http:\/\/esim2.clientinternals.webcase.pl\/tr\/wp-json\/wp\/v2\/media\/15710"}],"wp:attachment":[{"href":"http:\/\/esim2.clientinternals.webcase.pl\/tr\/wp-json\/wp\/v2\/media?parent=17100"}],"wp:term":[{"taxonomy":"region","embeddable":true,"href":"http:\/\/esim2.clientinternals.webcase.pl\/tr\/wp-json\/wp\/v2\/region?post=17100"}],"curies":[{"name":"wp","href":"https:\/\/api.w.org\/{rel}","templated":true}]}}