{"id":19125,"date":"2024-02-24T09:25:24","date_gmt":"2024-02-24T08:25:24","guid":{"rendered":"https:\/\/esim2.clientinternals.webcase.pl\/?post_type=roaming&#038;p=19125"},"modified":"2024-03-15T10:35:32","modified_gmt":"2024-03-15T09:35:32","slug":"esim-ekvador","status":"publish","type":"roaming","link":"http:\/\/esim2.clientinternals.webcase.pl\/tr\/dolasim\/esim-ekvador\/","title":{"rendered":"Ekvador"},"content":{"rendered":"\n<p>\u0130\u015fte Ekvador hakk\u0131nda baz\u0131 ilgin\u00e7 ger\u00e7ekler:<\/p>\n\n\n\n<ul class=\"wp-block-list\">\n<li>\u00dclke Kodu: +593<\/li>\n\n\n\n<li>Ba\u015fkent: Quito<\/li>\n\n\n\n<li>Di\u011fer ana \u015fehirler: Guayaquil, Cuenca, Santo Domingo<\/li>\n\n\n\n<li>N\u00fcfus 17,8 milyon (2021 tahmini)<\/li>\n\n\n\n<li>Dil: \u0130spanyolca<\/li>\n\n\n\n<li>Para Birimi: Birle\u015fik Devletler Dolar\u0131<\/li>\n\n\n\n<li>Ekvador\u2019da resmi dil \u0130spanyolcad\u0131r, ancak \u0130nka \u0130mparatorlu\u011fu\u2019nun ana dili olan Quichua yerli halk\u0131n \u00e7o\u011fu taraf\u0131ndan konu\u015fulmaktad\u0131r.<\/li>\n\n\n\n<li>Ekvador\u2019da ayr\u0131ca dokuz yerli dili daha konu\u015fulmaktad\u0131r. Ba\u015fl\u0131ca ziyaret\u00e7i merkezlerinde \u0130ngilizce konu\u015fulmaktad\u0131r.<\/li>\n\n\n\n<li>Ekvator, Ekvador\u2019un i\u00e7inden ge\u00e7er ve \u00fclkeyi pratikte ikiye b\u00f6ler.<\/li>\n\n\n\n<li>Bu nedenle Ekvador\u2019da g\u00fcne\u015fin do\u011fu\u015fu ve bat\u0131\u015f\u0131 y\u0131l boyunca neredeyse ayn\u0131 kal\u0131r. G\u00fcne\u015f sabah 6\u2019da do\u011far ve ak\u015fam 6\u2019da batar.<\/li>\n<\/ul>\n\n\n\n<p>Biliyor muydun\u2026?<\/p>\n\n\n\n<ul class=\"wp-block-list\">\n<li>Quito d\u00fcnyan\u0131n en y\u00fcksek ikinci ba\u015fkentidir. En y\u00fckse\u011fi La Paz\u2019d\u0131r.<\/li>\n\n\n\n<li>Ekvador d\u00fcnyan\u0131n en b\u00fcy\u00fck muz ihracat\u00e7\u0131s\u0131d\u0131r.<\/li>\n<\/ul>\n","protected":false},"featured_media":17760,"template":"","region":[381],"class_list":["post-19125","roaming","type-roaming","status-publish","has-post-thumbnail","hentry","region-guney-amerika"],"_links":{"self":[{"href":"http:\/\/esim2.clientinternals.webcase.pl\/tr\/wp-json\/wp\/v2\/roaming\/19125","targetHints":{"allow":["GET"]}}],"collection":[{"href":"http:\/\/esim2.clientinternals.webcase.pl\/tr\/wp-json\/wp\/v2\/roaming"}],"about":[{"href":"http:\/\/esim2.clientinternals.webcase.pl\/tr\/wp-json\/wp\/v2\/types\/roaming"}],"wp:featuredmedia":[{"embeddable":true,"href":"http:\/\/esim2.clientinternals.webcase.pl\/tr\/wp-json\/wp\/v2\/media\/17760"}],"wp:attachment":[{"href":"http:\/\/esim2.clientinternals.webcase.pl\/tr\/wp-json\/wp\/v2\/media?parent=19125"}],"wp:term":[{"taxonomy":"region","embeddable":true,"href":"http:\/\/esim2.clientinternals.webcase.pl\/tr\/wp-json\/wp\/v2\/region?post=19125"}],"curies":[{"name":"wp","href":"https:\/\/api.w.org\/{rel}","templated":true}]}}