{"id":19164,"date":"2024-02-24T09:26:08","date_gmt":"2024-02-24T08:26:08","guid":{"rendered":"https:\/\/esim2.clientinternals.webcase.pl\/?post_type=roaming&#038;p=19164"},"modified":"2024-03-15T11:02:07","modified_gmt":"2024-03-15T10:02:07","slug":"esim-peru","status":"publish","type":"roaming","link":"http:\/\/esim2.clientinternals.webcase.pl\/tr\/dolasim\/esim-peru\/","title":{"rendered":"Peru"},"content":{"rendered":"\n<p>\u0130\u015fte Peru hakk\u0131nda baz\u0131 ilgin\u00e7 ger\u00e7ekler:<\/p>\n\n\n\n<ul class=\"wp-block-list\">\n<li>\u00dclke Kodu: +51<\/li>\n\n\n\n<li>Ba\u015fkent: Lima<\/li>\n\n\n\n<li>Di\u011fer ana \u015fehirler: Cajamarca, Huancayo, Ayacucho<\/li>\n\n\n\n<li>N\u00fcfus 33,72 milyon (2021 tahmini)<\/li>\n\n\n\n<li>Dil: \u0130spanyolca<\/li>\n\n\n\n<li>Para birimi: Sol<\/li>\n\n\n\n<li>G\u00fcney Amerika\u2019da yer alan Peru, Amazon ya\u011fmur ormanlar\u0131n\u0131n bir b\u00f6l\u00fcm\u00fcne ve And Da\u011flar\u0131\u2019n\u0131n y\u00fckseklerinde antik bir \u0130nka \u015fehri olan Machu Picchu\u2019ya ev sahipli\u011fi yapmaktad\u0131r.<\/li>\n\n\n\n<li>Kutsal Vadi, \u0130nka Yolu ve koloni \u015fehri Cusco da dahil olmak \u00fczere Machu Picchu \u00e7evresindeki b\u00f6lge arkeolojik alanlar a\u00e7\u0131s\u0131ndan zengindir.<\/li>\n\n\n\n<li>Perulular\u0131n yakla\u015f\u0131k %84\u2019\u00fc \u0130spanyolca konu\u015fmaktad\u0131r ve n\u00fcfusun %26\u2019s\u0131ndan fazlas\u0131 \u0130spanyolca d\u0131\u015f\u0131nda bir ana dil konu\u015fmaktad\u0131r. Quechua en yayg\u0131n konu\u015fulan ikinci dildir ve onu Aymara dili takip eder.<\/li>\n\n\n\n<li>D\u00fcnyadaki alpaka n\u00fcfusunun %70\u2019inden fazlas\u0131 Peru\u2019da, Peru And Da\u011flar\u0131\u2019nda ya\u015famaktad\u0131r,<\/li>\n<\/ul>\n\n\n\n<p>Biliyor muydun\u2026?<\/p>\n\n\n\n<ul class=\"wp-block-list\">\n<li>Peru\u2019nun ulusal yeme\u011fi ceviche\u2019dir.<\/li>\n\n\n\n<li>Peru Poncho\u2019lar\u0131 M.\u00d6. 2000\u2019li y\u0131llardan beri k\u00fclt\u00fcrlerinin bir par\u00e7as\u0131d\u0131r ve yap\u0131m\u0131 alt\u0131 ay kadar s\u00fcrebilir.<\/li>\n<\/ul>\n","protected":false},"featured_media":17760,"template":"","region":[381],"class_list":["post-19164","roaming","type-roaming","status-publish","has-post-thumbnail","hentry","region-guney-amerika"],"_links":{"self":[{"href":"http:\/\/esim2.clientinternals.webcase.pl\/tr\/wp-json\/wp\/v2\/roaming\/19164","targetHints":{"allow":["GET"]}}],"collection":[{"href":"http:\/\/esim2.clientinternals.webcase.pl\/tr\/wp-json\/wp\/v2\/roaming"}],"about":[{"href":"http:\/\/esim2.clientinternals.webcase.pl\/tr\/wp-json\/wp\/v2\/types\/roaming"}],"wp:featuredmedia":[{"embeddable":true,"href":"http:\/\/esim2.clientinternals.webcase.pl\/tr\/wp-json\/wp\/v2\/media\/17760"}],"wp:attachment":[{"href":"http:\/\/esim2.clientinternals.webcase.pl\/tr\/wp-json\/wp\/v2\/media?parent=19164"}],"wp:term":[{"taxonomy":"region","embeddable":true,"href":"http:\/\/esim2.clientinternals.webcase.pl\/tr\/wp-json\/wp\/v2\/region?post=19164"}],"curies":[{"name":"wp","href":"https:\/\/api.w.org\/{rel}","templated":true}]}}